{"id":5146,"date":"2023-12-06T20:58:34","date_gmt":"2023-12-06T19:58:34","guid":{"rendered":"https:\/\/slolux.eu\/home\/"},"modified":"2025-02-18T09:36:24","modified_gmt":"2025-02-18T08:36:24","slug":"home","status":"publish","type":"page","link":"https:\/\/slolux.eu\/fr\/","title":{"rendered":"Association Slov\u00e8ne au Luxembourg"},"content":{"rendered":"<div data-elementor-type=\"wp-page\" data-elementor-id=\"5146\" class=\"elementor elementor-5146\" data-elementor-post-type=\"page\">\n\t\t\t\t\t\t<section class=\"elementor-section elementor-top-section elementor-element elementor-element-61716142 elementor-section-height-min-height elementor-section-items-stretch elementor-section-boxed elementor-section-height-default\" data-id=\"61716142\" data-element_type=\"section\">\n\t\t\t\t\t\t<div class=\"elementor-container elementor-column-gap-default\">\n\t\t\t\t\t<div class=\"elementor-column elementor-col-50 elementor-top-column elementor-element elementor-element-4775277a\" data-id=\"4775277a\" data-element_type=\"column\" data-settings=\"{&quot;background_background&quot;:&quot;classic&quot;,&quot;background_motion_fx_motion_fx_scrolling&quot;:&quot;yes&quot;,&quot;background_motion_fx_translateY_effect&quot;:&quot;yes&quot;,&quot;background_motion_fx_translateY_speed&quot;:{&quot;unit&quot;:&quot;px&quot;,&quot;size&quot;:4,&quot;sizes&quot;:[]},&quot;background_motion_fx_translateY_affectedRange&quot;:{&quot;unit&quot;:&quot;%&quot;,&quot;size&quot;:&quot;&quot;,&quot;sizes&quot;:{&quot;start&quot;:0,&quot;end&quot;:100}},&quot;background_motion_fx_devices&quot;:[&quot;desktop&quot;,&quot;tablet&quot;,&quot;mobile&quot;]}\">\n\t\t\t<div class=\"elementor-widget-wrap elementor-element-populated\">\n\t\t\t\t\t<div class=\"elementor-background-overlay\"><\/div>\n\t\t\t\t\t\t<div class=\"elementor-element elementor-element-b5b3ee1 elementor-align-left elementor-hidden-phone elementor-icon-list--layout-inline elementor-list-item-link-full_width elementor-widget elementor-widget-icon-list\" data-id=\"b5b3ee1\" data-element_type=\"widget\" data-widget_type=\"icon-list.default\">\n\t\t\t\t<div class=\"elementor-widget-container\">\n\t\t\t\t\t\t\t<ul class=\"elementor-icon-list-items elementor-inline-items\">\n\t\t\t\t\t\t\t<li class=\"elementor-icon-list-item elementor-inline-item\">\n\t\t\t\t\t\t\t\t\t\t\t<a href=\"https:\/\/www.facebook.com\/groups\/358497920888934\" target=\"_blank\">\n\n\t\t\t\t\t\t\t\t\t\t\t\t<span class=\"elementor-icon-list-icon\">\n\t\t\t\t\t\t\t<svg aria-hidden=\"true\" class=\"e-font-icon-svg e-fab-facebook-f\" viewbox=\"0 0 320 512\" xmlns=\"http:\/\/www.w3.org\/2000\/svg\"><path d=\"M279.14 288l14.22-92.66h-88.91v-60.13c0-25.35 12.42-50.06 52.24-50.06h40.42V6.26S260.43 0 225.36 0c-73.22 0-121.08 44.38-121.08 124.72v70.62H22.89V288h81.39v224h100.17V288z\"><\/path><\/svg>\t\t\t\t\t\t<\/span>\n\t\t\t\t\t\t\t\t\t\t<span class=\"elementor-icon-list-text\">Groupe Facebook<\/span>\n\t\t\t\t\t\t\t\t\t\t\t<\/a>\n\t\t\t\t\t\t\t\t\t<\/li>\n\t\t\t\t\t\t<\/ul>\n\t\t\t\t\t\t<\/div>\n\t\t\t\t<\/div>\n\t\t\t\t<div class=\"elementor-element elementor-element-52961266 elementor-widget elementor-widget-heading\" data-id=\"52961266\" data-element_type=\"widget\" data-widget_type=\"heading.default\">\n\t\t\t\t<div class=\"elementor-widget-container\">\n\t\t\t\t\t<h1 class=\"elementor-heading-title elementor-size-default\">Association Slov\u00e8ne au Luxembourg<\/h1>\t\t\t\t<\/div>\n\t\t\t\t<\/div>\n\t\t\t\t<div class=\"elementor-element elementor-element-229efbeb elementor-widget elementor-widget-text-editor\" data-id=\"229efbeb\" data-element_type=\"widget\" data-widget_type=\"text-editor.default\">\n\t\t\t\t<div class=\"elementor-widget-container\">\n\t\t\t\t\t\t\t\t\t<p>Nous organisons des \u00e9v\u00e9nements et des rencontres slov\u00e8nes au Luxembourg. Nous promouvons la Slov\u00e9nie. Nous aidons avec les contacts et l\u2019int\u00e9gration. Nous r\u00e9pondons aux questions.<\/p>\t\t\t\t\t\t\t\t<\/div>\n\t\t\t\t<\/div>\n\t\t\t\t<div class=\"elementor-element elementor-element-7c67c2cb elementor-align-left elementor-tablet-align-left elementor-widget__width-auto elementor-widget elementor-widget-button\" data-id=\"7c67c2cb\" data-element_type=\"widget\" data-widget_type=\"button.default\">\n\t\t\t\t<div class=\"elementor-widget-container\">\n\t\t\t\t\t\t\t\t\t<div class=\"elementor-button-wrapper\">\n\t\t\t\t\t<a class=\"elementor-button elementor-button-link elementor-size-sm\" href=\"https:\/\/slolux.eu\/fr\/dogodki\/\">\n\t\t\t\t\t\t<span class=\"elementor-button-content-wrapper\">\n\t\t\t\t\t\t<span class=\"elementor-button-icon\">\n\t\t\t\t<svg aria-hidden=\"true\" class=\"e-font-icon-svg e-fas-caret-right\" viewbox=\"0 0 192 512\" xmlns=\"http:\/\/www.w3.org\/2000\/svg\"><path d=\"M0 384.662V127.338c0-17.818 21.543-26.741 34.142-14.142l128.662 128.662c7.81 7.81 7.81 20.474 0 28.284L34.142 398.804C21.543 411.404 0 402.48 0 384.662z\"><\/path><\/svg>\t\t\t<\/span>\n\t\t\t\t\t\t\t\t\t<span class=\"elementor-button-text\">Calendrier des \u00e9v\u00e9nements<\/span>\n\t\t\t\t\t<\/span>\n\t\t\t\t\t<\/a>\n\t\t\t\t<\/div>\n\t\t\t\t\t\t\t\t<\/div>\n\t\t\t\t<\/div>\n\t\t\t\t<div class=\"elementor-element elementor-element-5345c23 elementor-align-left elementor-tablet-align-left elementor-widget__width-auto elementor-widget elementor-widget-button\" data-id=\"5345c23\" data-element_type=\"widget\" data-widget_type=\"button.default\">\n\t\t\t\t<div class=\"elementor-widget-container\">\n\t\t\t\t\t\t\t\t\t<div class=\"elementor-button-wrapper\">\n\t\t\t\t\t<a class=\"elementor-button elementor-button-link elementor-size-sm\" href=\"https:\/\/slolux.eu\/fr\/category\/news\/\">\n\t\t\t\t\t\t<span class=\"elementor-button-content-wrapper\">\n\t\t\t\t\t\t<span class=\"elementor-button-icon\">\n\t\t\t\t<svg aria-hidden=\"true\" class=\"e-font-icon-svg e-fas-caret-right\" viewbox=\"0 0 192 512\" xmlns=\"http:\/\/www.w3.org\/2000\/svg\"><path d=\"M0 384.662V127.338c0-17.818 21.543-26.741 34.142-14.142l128.662 128.662c7.81 7.81 7.81 20.474 0 28.284L34.142 398.804C21.543 411.404 0 402.48 0 384.662z\"><\/path><\/svg>\t\t\t<\/span>\n\t\t\t\t\t\t\t\t\t<span class=\"elementor-button-text\">Toutes les actualit\u00e9s<\/span>\n\t\t\t\t\t<\/span>\n\t\t\t\t\t<\/a>\n\t\t\t\t<\/div>\n\t\t\t\t\t\t\t\t<\/div>\n\t\t\t\t<\/div>\n\t\t\t\t\t<\/div>\n\t\t<\/div>\n\t\t\t\t<div class=\"elementor-column elementor-col-50 elementor-top-column elementor-element elementor-element-43116aed elementor-hidden-mobile\" data-id=\"43116aed\" data-element_type=\"column\" data-settings=\"{&quot;background_background&quot;:&quot;classic&quot;}\">\n\t\t\t<div class=\"elementor-widget-wrap elementor-element-populated\">\n\t\t\t\t\t\t<div class=\"elementor-element elementor-element-4751ef6e elementor-widget elementor-widget-spacer\" data-id=\"4751ef6e\" data-element_type=\"widget\" data-widget_type=\"spacer.default\">\n\t\t\t\t<div class=\"elementor-widget-container\">\n\t\t\t\t\t\t\t<div class=\"elementor-spacer\">\n\t\t\t<div class=\"elementor-spacer-inner\"><\/div>\n\t\t<\/div>\n\t\t\t\t\t\t<\/div>\n\t\t\t\t<\/div>\n\t\t\t\t\t<\/div>\n\t\t<\/div>\n\t\t\t\t\t<\/div>\n\t\t<\/section>\n\t\t\t\t<section class=\"elementor-section elementor-top-section elementor-element elementor-element-611bfc79 elementor-section-boxed elementor-section-height-default elementor-section-height-default\" data-id=\"611bfc79\" data-element_type=\"section\">\n\t\t\t\t\t\t<div class=\"elementor-container elementor-column-gap-default\">\n\t\t\t\t\t<div class=\"elementor-column elementor-col-100 elementor-top-column elementor-element elementor-element-121efc61\" data-id=\"121efc61\" data-element_type=\"column\">\n\t\t\t<div class=\"elementor-widget-wrap elementor-element-populated\">\n\t\t\t\t\t\t<div class=\"elementor-element elementor-element-20693239 elementor-widget-divider--separator-type-pattern elementor-widget-divider--view-line elementor-widget elementor-widget-divider\" data-id=\"20693239\" data-element_type=\"widget\" data-widget_type=\"divider.default\">\n\t\t\t\t<div class=\"elementor-widget-container\">\n\t\t\t\t\t\t\t<div class=\"elementor-divider\" style=\"--divider-pattern-url: url(&quot;data:image\/svg+xml,%3Csvg xmlns=&#039;http:\/\/www.w3.org\/2000\/svg&#039; preserveAspectRatio=&#039;none&#039; overflow=&#039;visible&#039; height=&#039;100%&#039; viewBox=&#039;0 0 20 16&#039; fill=&#039;none&#039; stroke=&#039;black&#039; stroke-width=&#039;2.2&#039; stroke-linecap=&#039;square&#039; stroke-miterlimit=&#039;10&#039;%3E%3Cg transform=&#039;translate(-12.000000, 0)&#039;%3E%3Cpath d=&#039;M28,0L10,18&#039;\/%3E%3Cpath d=&#039;M18,0L0,18&#039;\/%3E%3Cpath d=&#039;M48,0L30,18&#039;\/%3E%3Cpath d=&#039;M38,0L20,18&#039;\/%3E%3C\/g%3E%3C\/svg%3E&quot;);\">\n\t\t\t<span class=\"elementor-divider-separator\">\n\t\t\t\t\t\t<\/span>\n\t\t<\/div>\n\t\t\t\t\t\t<\/div>\n\t\t\t\t<\/div>\n\t\t\t\t<div class=\"elementor-element elementor-element-51dc78a8 elementor-widget elementor-widget-heading\" data-id=\"51dc78a8\" data-element_type=\"widget\" data-widget_type=\"heading.default\">\n\t\t\t\t<div class=\"elementor-widget-container\">\n\t\t\t\t\t<h2 class=\"elementor-heading-title elementor-size-default\">\u00c9v\u00e8nements \u00e0 venir<\/h2>\t\t\t\t<\/div>\n\t\t\t\t<\/div>\n\t\t\t\t\t<\/div>\n\t\t<\/div>\n\t\t\t\t\t<\/div>\n\t\t<\/section>\n\t\t\t\t<section class=\"elementor-section elementor-top-section elementor-element elementor-element-27b01a70 elementor-section-boxed elementor-section-height-default elementor-section-height-default\" data-id=\"27b01a70\" data-element_type=\"section\">\n\t\t\t\t\t\t<div class=\"elementor-container elementor-column-gap-default\">\n\t\t\t\t\t<div class=\"elementor-column elementor-col-100 elementor-top-column elementor-element elementor-element-b715f85\" data-id=\"b715f85\" data-element_type=\"column\">\n\t\t\t<div class=\"elementor-widget-wrap elementor-element-populated\">\n\t\t\t\t\t\t<section class=\"elementor-section elementor-inner-section elementor-element elementor-element-1d50f511 elementor-section-full_width elementor-reverse-mobile elementor-section-height-default elementor-section-height-default\" data-id=\"1d50f511\" data-element_type=\"section\">\n\t\t\t\t\t\t<div class=\"elementor-container elementor-column-gap-default\">\n\t\t\t\t\t<div class=\"elementor-column elementor-col-100 elementor-inner-column elementor-element elementor-element-72a67098\" data-id=\"72a67098\" data-element_type=\"column\">\n\t\t\t<div class=\"elementor-widget-wrap elementor-element-populated\">\n\t\t\t\t\t\t<div class=\"elementor-element elementor-element-ffed01f elementor-posts--align-left elementor-posts__hover-none elementor-grid-tablet-3 elementor-grid-4 elementor-grid-mobile-1 elementor-posts--thumbnail-top elementor-widget elementor-widget-posts\" data-id=\"ffed01f\" data-element_type=\"widget\" data-settings=\"{&quot;cards_row_gap&quot;:{&quot;unit&quot;:&quot;px&quot;,&quot;size&quot;:&quot;50&quot;,&quot;sizes&quot;:[]},&quot;cards_columns_tablet&quot;:&quot;3&quot;,&quot;cards_row_gap_mobile&quot;:{&quot;unit&quot;:&quot;px&quot;,&quot;size&quot;:16,&quot;sizes&quot;:[]},&quot;cards_columns&quot;:&quot;4&quot;,&quot;cards_columns_mobile&quot;:&quot;1&quot;,&quot;cards_row_gap_tablet&quot;:{&quot;unit&quot;:&quot;px&quot;,&quot;size&quot;:&quot;&quot;,&quot;sizes&quot;:[]}}\" data-widget_type=\"posts.cards\">\n\t\t\t\t<div class=\"elementor-widget-container\">\n\t\t\t\t\t\t\t<div class=\"elementor-posts-container elementor-posts elementor-posts--skin-cards elementor-grid\">\n\t\t\t\t<article class=\"elementor-post elementor-grid-item post-6938 event type-event status-publish has-post-thumbnail hentry event-tags-dobrodelnost event-tags-kmalu\">\n\t\t\t<div class=\"elementor-post__card\">\n\t\t\t\t<a class=\"elementor-post__thumbnail__link\" href=\"https:\/\/slolux.eu\/fr\/events\/za-delovanje-drustva\/\" tabindex=\"-1\" ><div class=\"elementor-post__thumbnail\"><img loading=\"lazy\" decoding=\"async\" width=\"716\" height=\"698\" src=\"https:\/\/slolux.eu\/wp-content\/uploads\/2025\/10\/prispevki-za-drustvo.png\" class=\"attachment-full size-full wp-image-6939\" alt=\"\" srcset=\"https:\/\/slolux.eu\/wp-content\/uploads\/2025\/10\/prispevki-za-drustvo.png 716w, https:\/\/slolux.eu\/wp-content\/uploads\/2025\/10\/prispevki-za-drustvo-300x292.png 300w, https:\/\/slolux.eu\/wp-content\/uploads\/2025\/10\/prispevki-za-drustvo-12x12.png 12w\" sizes=\"auto, (max-width: 716px) 100vw, 716px\" \/><\/div><\/a>\n\t\t\t\t<div class=\"elementor-post__text\">\n\t\t\t\t<h3 class=\"elementor-post__title\">\n\t\t\t<a href=\"https:\/\/slolux.eu\/fr\/events\/za-delovanje-drustva\/\" >\n\t\t\t\tContributions volontaires pour le fonctionnement de l&#039;association\t\t\t<\/a>\n\t\t<\/h3>\n\t\t\t\t<div class=\"elementor-post__excerpt\">\n\t\t\t<p>11\/10\/2025 \u00e0 23h45 \u2013 Chers Slov\u00e8nes du Luxembourg et des environs, chers amis de notre association ! \ud83d\udc9a Le samedi 27 septembre 2025, nous avons c\u00e9l\u00e9br\u00e9 le 10e anniversaire de l&#039;Association slov\u00e8ne au Luxembourg ! \u00c9taient \u00e9galement pr\u00e9sentes l&#039;ambassadrice Barbara Su\u0161nik et la secr\u00e9taire d&#039;\u00c9tat de l&#039;Office des Slov\u00e8nes de l&#039;\u00e9tranger, Vesna Humar. L&#039;\u00e9v\u00e9nement \u00e9tait enti\u00e8rement gratuit \u2013 [\u2026]\n\t\t<\/div>\n\t\t\t\t\t<div class=\"elementor-post__read-more-wrapper\">\n\t\t\n\t\t<a class=\"elementor-post__read-more\" href=\"https:\/\/slolux.eu\/fr\/events\/za-delovanje-drustva\/\" aria-label=\"En savoir plus sur Prostovoljni prispevki za delovanje dru\u0161tva\" tabindex=\"-1\" >\n\t\t\tR\u00e9servez maintenant \u279d\t\t<\/a>\n\n\t\t\t\t\t<\/div>\n\t\t\t\t<\/div>\n\t\t\t\t<div class=\"elementor-post__meta-data\">\n\t\t\t\t\t<span class=\"elementor-post-date\">\n\t\t\t11.10.2025\t\t<\/span>\n\t\t\t\t<\/div>\n\t\t\t\t\t<\/div>\n\t\t<\/article>\n\t\t\t\t<article class=\"elementor-post elementor-grid-item post-6970 event type-event status-publish has-post-thumbnail hentry event-tags-druzenje event-tags-kmalu event-tags-otroci event-tags-sveta-masa\">\n\t\t\t<div class=\"elementor-post__card\">\n\t\t\t\t<a class=\"elementor-post__thumbnail__link\" href=\"https:\/\/slolux.eu\/fr\/events\/sveta-masa-26-04\/\" tabindex=\"-1\" ><div class=\"elementor-post__thumbnail\"><img loading=\"lazy\" decoding=\"async\" width=\"2560\" height=\"1159\" src=\"https:\/\/slolux.eu\/wp-content\/uploads\/2024\/02\/Zvone-scaled.jpg\" class=\"attachment-full size-full wp-image-6194\" alt=\"\" srcset=\"https:\/\/slolux.eu\/wp-content\/uploads\/2024\/02\/Zvone-scaled.jpg 2560w, https:\/\/slolux.eu\/wp-content\/uploads\/2024\/02\/Zvone-300x136.jpg 300w, https:\/\/slolux.eu\/wp-content\/uploads\/2024\/02\/Zvone-1024x463.jpg 1024w, https:\/\/slolux.eu\/wp-content\/uploads\/2024\/02\/Zvone-768x348.jpg 768w, https:\/\/slolux.eu\/wp-content\/uploads\/2024\/02\/Zvone-1536x695.jpg 1536w, https:\/\/slolux.eu\/wp-content\/uploads\/2024\/02\/Zvone-2048x927.jpg 2048w, https:\/\/slolux.eu\/wp-content\/uploads\/2024\/02\/Zvone-18x8.jpg 18w\" sizes=\"auto, (max-width: 2560px) 100vw, 2560px\" \/><\/div><\/a>\n\t\t\t\t<div class=\"elementor-post__text\">\n\t\t\t\t<h3 class=\"elementor-post__title\">\n\t\t\t<a href=\"https:\/\/slolux.eu\/fr\/events\/sveta-masa-26-04\/\" >\n\t\t\t\tSainte Messe\t\t\t<\/a>\n\t\t<\/h3>\n\t\t\t\t<div class=\"elementor-post__excerpt\">\n\t\t\t<p>18\/04\/2026 @ 16h30 \u2013 17h30 \u2013 La messe sera c\u00e9l\u00e9br\u00e9e le 18 avril 2026 \u00e0 16h30 en l&#039;\u00e9glise Saint-Pierre-et-Saint-Paul de Bertrange. Vous \u00eates invit\u00e9s.<\/p>\n\t\t<\/div>\n\t\t\t\t\t<div class=\"elementor-post__read-more-wrapper\">\n\t\t\n\t\t<a class=\"elementor-post__read-more\" href=\"https:\/\/slolux.eu\/fr\/events\/sveta-masa-26-04\/\" aria-label=\"En savoir plus sur Sainte Messe\" tabindex=\"-1\" >\n\t\t\tR\u00e9servez maintenant \u279d\t\t<\/a>\n\n\t\t\t\t\t<\/div>\n\t\t\t\t<\/div>\n\t\t\t\t<div class=\"elementor-post__meta-data\">\n\t\t\t\t\t<span class=\"elementor-post-date\">\n\t\t\t18.04.2026\t\t<\/span>\n\t\t\t\t<\/div>\n\t\t\t\t\t<\/div>\n\t\t<\/article>\n\t\t\t\t<article class=\"elementor-post elementor-grid-item post-6971 event type-event status-publish has-post-thumbnail hentry event-tags-druzenje event-tags-kmalu event-tags-otroci event-tags-sveta-masa\">\n\t\t\t<div class=\"elementor-post__card\">\n\t\t\t\t<a class=\"elementor-post__thumbnail__link\" href=\"https:\/\/slolux.eu\/fr\/events\/sveta-masa-26-05\/\" tabindex=\"-1\" ><div class=\"elementor-post__thumbnail\"><img loading=\"lazy\" decoding=\"async\" width=\"2560\" height=\"1159\" src=\"https:\/\/slolux.eu\/wp-content\/uploads\/2024\/02\/Zvone-scaled.jpg\" class=\"attachment-full size-full wp-image-6194\" alt=\"\" srcset=\"https:\/\/slolux.eu\/wp-content\/uploads\/2024\/02\/Zvone-scaled.jpg 2560w, https:\/\/slolux.eu\/wp-content\/uploads\/2024\/02\/Zvone-300x136.jpg 300w, https:\/\/slolux.eu\/wp-content\/uploads\/2024\/02\/Zvone-1024x463.jpg 1024w, https:\/\/slolux.eu\/wp-content\/uploads\/2024\/02\/Zvone-768x348.jpg 768w, https:\/\/slolux.eu\/wp-content\/uploads\/2024\/02\/Zvone-1536x695.jpg 1536w, https:\/\/slolux.eu\/wp-content\/uploads\/2024\/02\/Zvone-2048x927.jpg 2048w, https:\/\/slolux.eu\/wp-content\/uploads\/2024\/02\/Zvone-18x8.jpg 18w\" sizes=\"auto, (max-width: 2560px) 100vw, 2560px\" \/><\/div><\/a>\n\t\t\t\t<div class=\"elementor-post__text\">\n\t\t\t\t<h3 class=\"elementor-post__title\">\n\t\t\t<a href=\"https:\/\/slolux.eu\/fr\/events\/sveta-masa-26-05\/\" >\n\t\t\t\tSainte Messe\t\t\t<\/a>\n\t\t<\/h3>\n\t\t\t\t<div class=\"elementor-post__excerpt\">\n\t\t\t<p>Le 9 mai 2026 \u00e0 16h30, une messe sera c\u00e9l\u00e9br\u00e9e en l&#039;\u00e9glise Saint-Pierre-et-Saint-Paul de Bertrange. Vous \u00eates invit\u00e9s.<\/p>\n\t\t<\/div>\n\t\t\t\t\t<div class=\"elementor-post__read-more-wrapper\">\n\t\t\n\t\t<a class=\"elementor-post__read-more\" href=\"https:\/\/slolux.eu\/fr\/events\/sveta-masa-26-05\/\" aria-label=\"En savoir plus sur Sainte Messe\" tabindex=\"-1\" >\n\t\t\tR\u00e9servez maintenant \u279d\t\t<\/a>\n\n\t\t\t\t\t<\/div>\n\t\t\t\t<\/div>\n\t\t\t\t<div class=\"elementor-post__meta-data\">\n\t\t\t\t\t<span class=\"elementor-post-date\">\n\t\t\t09.05.2026\t\t<\/span>\n\t\t\t\t<\/div>\n\t\t\t\t\t<\/div>\n\t\t<\/article>\n\t\t\t\t<article class=\"elementor-post elementor-grid-item post-6972 event type-event status-publish has-post-thumbnail hentry event-tags-druzenje event-tags-kmalu event-tags-otroci event-tags-sveta-masa\">\n\t\t\t<div class=\"elementor-post__card\">\n\t\t\t\t<a class=\"elementor-post__thumbnail__link\" href=\"https:\/\/slolux.eu\/fr\/events\/sveta-masa-26-06\/\" tabindex=\"-1\" ><div class=\"elementor-post__thumbnail\"><img loading=\"lazy\" decoding=\"async\" width=\"2560\" height=\"1159\" src=\"https:\/\/slolux.eu\/wp-content\/uploads\/2024\/02\/Zvone-scaled.jpg\" class=\"attachment-full size-full wp-image-6194\" alt=\"\" srcset=\"https:\/\/slolux.eu\/wp-content\/uploads\/2024\/02\/Zvone-scaled.jpg 2560w, https:\/\/slolux.eu\/wp-content\/uploads\/2024\/02\/Zvone-300x136.jpg 300w, https:\/\/slolux.eu\/wp-content\/uploads\/2024\/02\/Zvone-1024x463.jpg 1024w, https:\/\/slolux.eu\/wp-content\/uploads\/2024\/02\/Zvone-768x348.jpg 768w, https:\/\/slolux.eu\/wp-content\/uploads\/2024\/02\/Zvone-1536x695.jpg 1536w, https:\/\/slolux.eu\/wp-content\/uploads\/2024\/02\/Zvone-2048x927.jpg 2048w, https:\/\/slolux.eu\/wp-content\/uploads\/2024\/02\/Zvone-18x8.jpg 18w\" sizes=\"auto, (max-width: 2560px) 100vw, 2560px\" \/><\/div><\/a>\n\t\t\t\t<div class=\"elementor-post__text\">\n\t\t\t\t<h3 class=\"elementor-post__title\">\n\t\t\t<a href=\"https:\/\/slolux.eu\/fr\/events\/sveta-masa-26-06\/\" >\n\t\t\t\tSainte Messe\t\t\t<\/a>\n\t\t<\/h3>\n\t\t\t\t<div class=\"elementor-post__excerpt\">\n\t\t\t<p>20\/06\/2026 @ 16h30 \u2013 17h30 \u2013 La messe sera c\u00e9l\u00e9br\u00e9e le 20 juin 2026 \u00e0 16h30 en l&#039;\u00e9glise Saint-Pierre-et-Saint-Paul de Bertrange. Vous \u00eates invit\u00e9s.<\/p>\n\t\t<\/div>\n\t\t\t\t\t<div class=\"elementor-post__read-more-wrapper\">\n\t\t\n\t\t<a class=\"elementor-post__read-more\" href=\"https:\/\/slolux.eu\/fr\/events\/sveta-masa-26-06\/\" aria-label=\"En savoir plus sur Sainte Messe\" tabindex=\"-1\" >\n\t\t\tR\u00e9servez maintenant \u279d\t\t<\/a>\n\n\t\t\t\t\t<\/div>\n\t\t\t\t<\/div>\n\t\t\t\t<div class=\"elementor-post__meta-data\">\n\t\t\t\t\t<span class=\"elementor-post-date\">\n\t\t\t20.06.2026\t\t<\/span>\n\t\t\t\t<\/div>\n\t\t\t\t\t<\/div>\n\t\t<\/article>\n\t\t\t\t<article class=\"elementor-post elementor-grid-item post-7043 event type-event status-publish has-post-thumbnail hentry event-tags-druzenje event-tags-kmalu event-tags-koncert event-tags-newsletter\">\n\t\t\t<div class=\"elementor-post__card\">\n\t\t\t\t<a class=\"elementor-post__thumbnail__link\" href=\"https:\/\/slolux.eu\/fr\/events\/lords-of-vegeta\/\" tabindex=\"-1\" ><div class=\"elementor-post__thumbnail\"><img loading=\"lazy\" decoding=\"async\" width=\"2560\" height=\"1918\" src=\"https:\/\/slolux.eu\/wp-content\/uploads\/2026\/04\/Lords_of_Vegeta-scaled.jpg\" class=\"attachment-full size-full wp-image-7044\" alt=\"\" srcset=\"https:\/\/slolux.eu\/wp-content\/uploads\/2026\/04\/Lords_of_Vegeta-scaled.jpg 2560w, https:\/\/slolux.eu\/wp-content\/uploads\/2026\/04\/Lords_of_Vegeta-300x225.jpg 300w, https:\/\/slolux.eu\/wp-content\/uploads\/2026\/04\/Lords_of_Vegeta-1024x767.jpg 1024w, https:\/\/slolux.eu\/wp-content\/uploads\/2026\/04\/Lords_of_Vegeta-768x575.jpg 768w, https:\/\/slolux.eu\/wp-content\/uploads\/2026\/04\/Lords_of_Vegeta-1536x1151.jpg 1536w, https:\/\/slolux.eu\/wp-content\/uploads\/2026\/04\/Lords_of_Vegeta-2048x1534.jpg 2048w, https:\/\/slolux.eu\/wp-content\/uploads\/2026\/04\/Lords_of_Vegeta-16x12.jpg 16w\" sizes=\"auto, (max-width: 2560px) 100vw, 2560px\" \/><\/div><\/a>\n\t\t\t\t<div class=\"elementor-post__text\">\n\t\t\t\t<h3 class=\"elementor-post__title\">\n\t\t\t<a href=\"https:\/\/slolux.eu\/fr\/events\/lords-of-vegeta\/\" >\n\t\t\t\tLords of Vegeta, un concert de musique ethnique balkanique interpr\u00e9t\u00e9 par des Slov\u00e8nes\t\t\t<\/a>\n\t\t<\/h3>\n\t\t\t\t<div class=\"elementor-post__excerpt\">\n\t\t\t<p>12\/04\/2026 @ 19:30 &#8211; 21:00 &#8211; <\/p>\n<p>Le groupe slov\u00e8ne Lords of Vegeta sera au Luxembourg avec son programme ethno-world \u00ab Une Tourn\u00e9e des Balkans \u00bb. \u00c0 ne pas manquer !<\/p>\n\t\t<\/div>\n\t\t\t\t\t<div class=\"elementor-post__read-more-wrapper\">\n\t\t\n\t\t<a class=\"elementor-post__read-more\" href=\"https:\/\/slolux.eu\/fr\/events\/lords-of-vegeta\/\" aria-label=\"En savoir plus sur Lords of Vegeta, balkanski etno-world koncert v slovenski izvedbi\" tabindex=\"-1\" >\n\t\t\tR\u00e9servez maintenant \u279d\t\t<\/a>\n\n\t\t\t\t\t<\/div>\n\t\t\t\t<\/div>\n\t\t\t\t<div class=\"elementor-post__meta-data\">\n\t\t\t\t\t<span class=\"elementor-post-date\">\n\t\t\t12.04.2026\t\t<\/span>\n\t\t\t\t<\/div>\n\t\t\t\t\t<\/div>\n\t\t<\/article>\n\t\t\t\t<\/div>\n\t\t\n\t\t\t\t\t\t<\/div>\n\t\t\t\t<\/div>\n\t\t\t\t\t<\/div>\n\t\t<\/div>\n\t\t\t\t\t<\/div>\n\t\t<\/section>\n\t\t\t\t\t<\/div>\n\t\t<\/div>\n\t\t\t\t\t<\/div>\n\t\t<\/section>\n\t\t\t\t<section class=\"elementor-section elementor-top-section elementor-element elementor-element-107b3399 elementor-section-height-min-height elementor-section-items-stretch elementor-section-full_width elementor-section-height-default\" data-id=\"107b3399\" data-element_type=\"section\" data-settings=\"{&quot;motion_fx_motion_fx_scrolling&quot;:&quot;yes&quot;,&quot;motion_fx_translateY_effect&quot;:&quot;yes&quot;,&quot;motion_fx_translateY_direction&quot;:&quot;negative&quot;,&quot;motion_fx_translateY_speed&quot;:{&quot;unit&quot;:&quot;px&quot;,&quot;size&quot;:&quot;2&quot;,&quot;sizes&quot;:[]},&quot;motion_fx_translateY_affectedRange&quot;:{&quot;unit&quot;:&quot;%&quot;,&quot;size&quot;:&quot;&quot;,&quot;sizes&quot;:{&quot;start&quot;:&quot;0&quot;,&quot;end&quot;:&quot;50&quot;}},&quot;motion_fx_devices&quot;:[&quot;desktop&quot;,&quot;tablet&quot;,&quot;mobile&quot;]}\">\n\t\t\t\t\t\t<div class=\"elementor-container elementor-column-gap-default\">\n\t\t\t\t\t<div class=\"elementor-column elementor-col-100 elementor-top-column elementor-element elementor-element-29b2d80f\" data-id=\"29b2d80f\" data-element_type=\"column\" data-settings=\"{&quot;background_background&quot;:&quot;classic&quot;}\">\n\t\t\t<div class=\"elementor-widget-wrap elementor-element-populated\">\n\t\t\t\t\t\t<section class=\"elementor-section elementor-inner-section elementor-element elementor-element-201cf1b0 elementor-section-boxed elementor-section-height-default elementor-section-height-default\" data-id=\"201cf1b0\" data-element_type=\"section\">\n\t\t\t\t\t\t<div class=\"elementor-container elementor-column-gap-default\">\n\t\t\t\t\t<div class=\"elementor-column elementor-col-50 elementor-inner-column elementor-element elementor-element-23f1493\" data-id=\"23f1493\" data-element_type=\"column\">\n\t\t\t<div class=\"elementor-widget-wrap elementor-element-populated\">\n\t\t\t\t\t\t<div class=\"elementor-element elementor-element-178f051b elementor-widget elementor-widget-heading\" data-id=\"178f051b\" data-element_type=\"widget\" data-widget_type=\"heading.default\">\n\t\t\t\t<div class=\"elementor-widget-container\">\n\t\t\t\t\t<h3 class=\"elementor-heading-title elementor-size-default\">Restez \u00e0 jour<\/h3>\t\t\t\t<\/div>\n\t\t\t\t<\/div>\n\t\t\t\t<div class=\"elementor-element elementor-element-3a488684 elementor-widget elementor-widget-heading\" data-id=\"3a488684\" data-element_type=\"widget\" data-widget_type=\"heading.default\">\n\t\t\t\t<div class=\"elementor-widget-container\">\n\t\t\t\t\t<h2 class=\"elementor-heading-title elementor-size-default\">Inscrivez-vous pour les nouvelles<\/h2>\t\t\t\t<\/div>\n\t\t\t\t<\/div>\n\t\t\t\t\t<\/div>\n\t\t<\/div>\n\t\t\t\t<div class=\"elementor-column elementor-col-50 elementor-inner-column elementor-element elementor-element-21163b56\" data-id=\"21163b56\" data-element_type=\"column\">\n\t\t\t<div class=\"elementor-widget-wrap elementor-element-populated\">\n\t\t\t\t\t\t<div class=\"elementor-element elementor-element-6efd6acb elementor-button-align-stretch elementor-widget elementor-widget-form\" data-id=\"6efd6acb\" data-element_type=\"widget\" data-settings=\"{&quot;button_width&quot;:&quot;33&quot;,&quot;step_next_label&quot;:&quot;Next&quot;,&quot;step_previous_label&quot;:&quot;Previous&quot;,&quot;step_type&quot;:&quot;number_text&quot;,&quot;step_icon_shape&quot;:&quot;circle&quot;}\" data-no-translation=\"\" data-widget_type=\"form.default\">\n\t\t\t\t<div class=\"elementor-widget-container\">\n\t\t\t\t\t<style>.elementor-element-6efd6acb{display:none !important}<\/style>\t\t\t\t<\/div>\n\t\t\t\t<\/div>\n\t\t\t\t<div class=\"elementor-element elementor-element-28f8efe elementor-button-align-stretch elementor-widget elementor-widget-form\" data-id=\"28f8efe\" data-element_type=\"widget\" data-settings=\"{&quot;button_width&quot;:&quot;33&quot;,&quot;step_next_label&quot;:&quot;Next&quot;,&quot;step_previous_label&quot;:&quot;Previous&quot;,&quot;step_type&quot;:&quot;number_text&quot;,&quot;step_icon_shape&quot;:&quot;circle&quot;}\" data-no-translation=\"\" data-widget_type=\"form.default\">\n\t\t\t\t<div class=\"elementor-widget-container\">\n\t\t\t\t\t<style>.elementor-element-28f8efe{display:none !important}<\/style>\t\t\t\t<\/div>\n\t\t\t\t<\/div>\n\t\t\t\t<div class=\"elementor-element elementor-element-257d12b elementor-button-align-stretch elementor-widget elementor-widget-form\" data-id=\"257d12b\" data-element_type=\"widget\" data-settings=\"{&quot;button_width&quot;:&quot;33&quot;,&quot;step_next_label&quot;:&quot;Next&quot;,&quot;step_previous_label&quot;:&quot;Previous&quot;,&quot;step_type&quot;:&quot;number_text&quot;,&quot;step_icon_shape&quot;:&quot;circle&quot;}\" data-no-translation=\"\" data-widget_type=\"form.default\">\n\t\t\t\t<div class=\"elementor-widget-container\">\n\t\t\t\t\t\t\t<form class=\"elementor-form\" method=\"post\" name=\"New Form\" action=\"\">\n\t\t\t<input type=\"hidden\" name=\"post_id\" value=\"5146\"\/>\n\t\t\t<input type=\"hidden\" name=\"form_id\" value=\"257d12b\"\/>\n\t\t\t<input type=\"hidden\" name=\"referer_title\" value=\"Slolux\" \/>\n\n\t\t\t\n\t\t\t<div class=\"elementor-form-fields-wrapper elementor-labels-\">\n\t\t\t\t\t\t\t\t<div class=\"elementor-field-type-email elementor-field-group elementor-column elementor-field-group-name elementor-col-66 elementor-field-required\">\n\t\t\t\t\t\t\t\t\t\t\t\t<label for=\"form-field-name\" class=\"elementor-field-label elementor-screen-only\">\n\t\t\t\t\t\t\t\tE-mail\t\t\t\t\t\t\t<\/label>\n\t\t\t\t\t\t\t\t\t\t\t\t\t\t<input size=\"1\" type=\"email\" name=\"form_fields[name]\" id=\"form-field-name\" class=\"elementor-field elementor-size-lg  elementor-field-textual\" placeholder=\"Votre adresse e-mail\" required=\"required\">\n\t\t\t\t\t\t\t\t\t\t\t<\/div>\n\t\t\t\t\t\t\t\t<div class=\"elementor-field-group elementor-column elementor-field-type-submit elementor-col-33 e-form__buttons\">\n\t\t\t\t\t<button class=\"elementor-button elementor-size-lg\" type=\"submit\">\n\t\t\t\t\t\t<span class=\"elementor-button-content-wrapper\">\n\t\t\t\t\t\t\t\t\t\t\t\t\t\t\t<span class=\"elementor-button-icon\">\n\t\t\t\t\t\t\t\t\t<svg aria-hidden=\"true\" class=\"e-font-icon-svg e-fas-caret-right\" viewbox=\"0 0 192 512\" xmlns=\"http:\/\/www.w3.org\/2000\/svg\"><path d=\"M0 384.662V127.338c0-17.818 21.543-26.741 34.142-14.142l128.662 128.662c7.81 7.81 7.81 20.474 0 28.284L34.142 398.804C21.543 411.404 0 402.48 0 384.662z\"><\/path><\/svg>\t\t\t\t\t\t\t\t\t\t\t\t\t\t\t\t\t<\/span>\n\t\t\t\t\t\t\t\t\t\t\t\t\t\t\t\t\t\t\t\t\t\t<span class=\"elementor-button-text\">Se connecter<\/span>\n\t\t\t\t\t\t\t\t\t\t\t\t\t<\/span>\n\t\t\t\t\t<\/button>\n\t\t\t\t<\/div>\n\t\t\t<\/div>\n\t\t<input type=\"hidden\" name=\"trp-form-language\" value=\"fr\"\/><\/form>\n\t\t\t\t\t\t<\/div>\n\t\t\t\t<\/div>\n\t\t\t\t\t<\/div>\n\t\t<\/div>\n\t\t\t\t\t<\/div>\n\t\t<\/section>\n\t\t\t\t\t<\/div>\n\t\t<\/div>\n\t\t\t\t\t<\/div>\n\t\t<\/section>\n\t\t\t\t<section class=\"elementor-section elementor-top-section elementor-element elementor-element-37cb1d37 elementor-reverse-tablet elementor-reverse-mobile elementor-section-boxed elementor-section-height-default elementor-section-height-default\" data-id=\"37cb1d37\" data-element_type=\"section\">\n\t\t\t\t\t\t<div class=\"elementor-container elementor-column-gap-default\">\n\t\t\t\t\t<div class=\"elementor-column elementor-col-50 elementor-top-column elementor-element elementor-element-7ed9140d\" data-id=\"7ed9140d\" data-element_type=\"column\">\n\t\t\t<div class=\"elementor-widget-wrap elementor-element-populated\">\n\t\t\t\t\t\t<div class=\"elementor-element elementor-element-33cb2621 elementor-posts--align-left elementor-posts__hover-none elementor-grid-tablet-3 elementor-grid-3 elementor-grid-mobile-1 elementor-posts--thumbnail-top elementor-widget elementor-widget-posts\" data-id=\"33cb2621\" data-element_type=\"widget\" data-settings=\"{&quot;cards_row_gap&quot;:{&quot;unit&quot;:&quot;px&quot;,&quot;size&quot;:&quot;50&quot;,&quot;sizes&quot;:[]},&quot;cards_columns_tablet&quot;:&quot;3&quot;,&quot;cards_row_gap_mobile&quot;:{&quot;unit&quot;:&quot;px&quot;,&quot;size&quot;:16,&quot;sizes&quot;:[]},&quot;cards_columns&quot;:&quot;3&quot;,&quot;cards_columns_mobile&quot;:&quot;1&quot;,&quot;cards_row_gap_tablet&quot;:{&quot;unit&quot;:&quot;px&quot;,&quot;size&quot;:&quot;&quot;,&quot;sizes&quot;:[]}}\" data-widget_type=\"posts.cards\">\n\t\t\t\t<div class=\"elementor-widget-container\">\n\t\t\t\t\t\t\t<div class=\"elementor-posts-container elementor-posts elementor-posts--skin-cards elementor-grid\">\n\t\t\t\t<article class=\"elementor-post elementor-grid-item post-7054 post type-post status-publish format-standard has-post-thumbnail hentry category-druzabno-srecanje category-gostovanja-iz-slovenije category-kino category-ne-zamudite category-news category-po-dogodku\">\n\t\t\t<div class=\"elementor-post__card\">\n\t\t\t\t<a class=\"elementor-post__thumbnail__link\" href=\"https:\/\/slolux.eu\/fr\/ganljiva-zgodba-filma-ko-pridem-ven\/\" tabindex=\"-1\" ><div class=\"elementor-post__thumbnail\"><img loading=\"lazy\" decoding=\"async\" width=\"1600\" height=\"1200\" src=\"https:\/\/slolux.eu\/wp-content\/uploads\/2026\/04\/f8fe1053-1980-40e8-a68c-62a5c9bcc21b.jpg\" class=\"attachment-full size-full wp-image-7058\" alt=\"\" srcset=\"https:\/\/slolux.eu\/wp-content\/uploads\/2026\/04\/f8fe1053-1980-40e8-a68c-62a5c9bcc21b.jpg 1600w, https:\/\/slolux.eu\/wp-content\/uploads\/2026\/04\/f8fe1053-1980-40e8-a68c-62a5c9bcc21b-300x225.jpg 300w, https:\/\/slolux.eu\/wp-content\/uploads\/2026\/04\/f8fe1053-1980-40e8-a68c-62a5c9bcc21b-1024x768.jpg 1024w, https:\/\/slolux.eu\/wp-content\/uploads\/2026\/04\/f8fe1053-1980-40e8-a68c-62a5c9bcc21b-768x576.jpg 768w, https:\/\/slolux.eu\/wp-content\/uploads\/2026\/04\/f8fe1053-1980-40e8-a68c-62a5c9bcc21b-1536x1152.jpg 1536w, https:\/\/slolux.eu\/wp-content\/uploads\/2026\/04\/f8fe1053-1980-40e8-a68c-62a5c9bcc21b-16x12.jpg 16w\" sizes=\"auto, (max-width: 1600px) 100vw, 1600px\" \/><\/div><\/a>\n\t\t\t\t<div class=\"elementor-post__text\">\n\t\t\t\t<h3 class=\"elementor-post__title\">\n\t\t\t<a href=\"https:\/\/slolux.eu\/fr\/ganljiva-zgodba-filma-ko-pridem-ven\/\" >\n\t\t\t\tL&#039;histoire \u00e9mouvante du film When I Get Out\t\t\t<\/a>\n\t\t<\/h3>\n\t\t\t\t<div class=\"elementor-post__excerpt\">\n\t\t\t<p>Le mercredi 15 avril, nous avons organis\u00e9 une soir\u00e9e cin\u00e9ma slov\u00e8ne exceptionnelle au cin\u00e9ma Utopia. Nous avons visionn\u00e9 le film \u00ab\u00a0When I Come Out\u00a0\u00bb, suivi d&#039;une discussion avec le r\u00e9alisateur Metod Pevac.<\/p>\n\t\t<\/div>\n\t\t\t\t\t<div class=\"elementor-post__read-more-wrapper\">\n\t\t\n\t\t<a class=\"elementor-post__read-more\" href=\"https:\/\/slolux.eu\/fr\/ganljiva-zgodba-filma-ko-pridem-ven\/\" aria-label=\"En savoir plus sur Ganljiva zgodba filma Ko pridem ven\" tabindex=\"-1\" >\n\t\t\tLire la suite \u279d\t\t<\/a>\n\n\t\t\t\t\t<\/div>\n\t\t\t\t<\/div>\n\t\t\t\t<div class=\"elementor-post__meta-data\">\n\t\t\t\t\t<span class=\"elementor-post-date\">\n\t\t\t21.04.2026\t\t<\/span>\n\t\t\t\t<\/div>\n\t\t\t\t\t<\/div>\n\t\t<\/article>\n\t\t\t\t<article class=\"elementor-post elementor-grid-item post-7050 post type-post status-publish format-standard has-post-thumbnail hentry category-druzabno-srecanje category-druzbeno-udejstvovanje category-druzine category-gostovanja-iz-slovenije category-kino category-najava category-ne-zamudite category-news category-obvestilo-veleposlanistva tag-druzenje tag-film tag-newsletter\">\n\t\t\t<div class=\"elementor-post__card\">\n\t\t\t\t<a class=\"elementor-post__thumbnail__link\" href=\"https:\/\/slolux.eu\/fr\/%f0%9f%8e%ac-slovenski-filmski-vecer-ko-pridem-ven-metod-pevec\/\" tabindex=\"-1\" ><div class=\"elementor-post__thumbnail\"><img loading=\"lazy\" decoding=\"async\" width=\"768\" height=\"432\" src=\"https:\/\/slolux.eu\/wp-content\/uploads\/2026\/03\/WhatsApp-Image-2026-03-26-at-14.57.30.jpeg\" class=\"attachment-full size-full wp-image-7038\" alt=\"\" srcset=\"https:\/\/slolux.eu\/wp-content\/uploads\/2026\/03\/WhatsApp-Image-2026-03-26-at-14.57.30.jpeg 768w, https:\/\/slolux.eu\/wp-content\/uploads\/2026\/03\/WhatsApp-Image-2026-03-26-at-14.57.30-300x169.jpeg 300w, https:\/\/slolux.eu\/wp-content\/uploads\/2026\/03\/WhatsApp-Image-2026-03-26-at-14.57.30-18x10.jpeg 18w\" sizes=\"auto, (max-width: 768px) 100vw, 768px\" \/><\/div><\/a>\n\t\t\t\t<div class=\"elementor-post__text\">\n\t\t\t\t<h3 class=\"elementor-post__title\">\n\t\t\t<a href=\"https:\/\/slolux.eu\/fr\/%f0%9f%8e%ac-slovenski-filmski-vecer-ko-pridem-ven-metod-pevec\/\" >\n\t\t\t\t\ud83c\udfac Soir\u00e9e cin\u00e9ma slov\u00e8ne : Quand je ferai mon coming out (Metod Pevec)\t\t\t<\/a>\n\t\t<\/h3>\n\t\t\t\t<div class=\"elementor-post__excerpt\">\n\t\t\t<p>Chers Slov\u00e8nes et amoureux de la Slov\u00e9nie au Luxembourg et dans les environs\u00a0! Venez assister \u00e0 la projection du documentaire prim\u00e9 et \u00e0 une discussion avec le r\u00e9alisateur.<\/p>\n\t\t<\/div>\n\t\t\t\t\t<div class=\"elementor-post__read-more-wrapper\">\n\t\t\n\t\t<a class=\"elementor-post__read-more\" href=\"https:\/\/slolux.eu\/fr\/%f0%9f%8e%ac-slovenski-filmski-vecer-ko-pridem-ven-metod-pevec\/\" aria-label=\"En savoir plus sur \ud83c\udfac Slovenski filmski ve\u010der: Ko pridem ven (Metod Pevec)\" tabindex=\"-1\" >\n\t\t\tLire la suite \u279d\t\t<\/a>\n\n\t\t\t\t\t<\/div>\n\t\t\t\t<\/div>\n\t\t\t\t<div class=\"elementor-post__meta-data\">\n\t\t\t\t\t<span class=\"elementor-post-date\">\n\t\t\t11.04.2026\t\t<\/span>\n\t\t\t\t<\/div>\n\t\t\t\t\t<\/div>\n\t\t<\/article>\n\t\t\t\t<article class=\"elementor-post elementor-grid-item post-7047 post type-post status-publish format-standard has-post-thumbnail hentry category-druzabno-srecanje category-gostovanja-iz-slovenije category-koncert category-najava category-ne-zamudite category-news tag-druzenje tag-koncert\">\n\t\t\t<div class=\"elementor-post__card\">\n\t\t\t\t<a class=\"elementor-post__thumbnail__link\" href=\"https:\/\/slolux.eu\/fr\/lords-of-vegeta-balkanski-etno-world-koncert-v-slovenski-izvedbi\/\" tabindex=\"-1\" ><div class=\"elementor-post__thumbnail\"><img loading=\"lazy\" decoding=\"async\" width=\"2560\" height=\"1918\" src=\"https:\/\/slolux.eu\/wp-content\/uploads\/2026\/04\/Lords_of_Vegeta-scaled.jpg\" class=\"attachment-full size-full wp-image-7044\" alt=\"\" srcset=\"https:\/\/slolux.eu\/wp-content\/uploads\/2026\/04\/Lords_of_Vegeta-scaled.jpg 2560w, https:\/\/slolux.eu\/wp-content\/uploads\/2026\/04\/Lords_of_Vegeta-300x225.jpg 300w, https:\/\/slolux.eu\/wp-content\/uploads\/2026\/04\/Lords_of_Vegeta-1024x767.jpg 1024w, https:\/\/slolux.eu\/wp-content\/uploads\/2026\/04\/Lords_of_Vegeta-768x575.jpg 768w, https:\/\/slolux.eu\/wp-content\/uploads\/2026\/04\/Lords_of_Vegeta-1536x1151.jpg 1536w, https:\/\/slolux.eu\/wp-content\/uploads\/2026\/04\/Lords_of_Vegeta-2048x1534.jpg 2048w, https:\/\/slolux.eu\/wp-content\/uploads\/2026\/04\/Lords_of_Vegeta-16x12.jpg 16w\" sizes=\"auto, (max-width: 2560px) 100vw, 2560px\" \/><\/div><\/a>\n\t\t\t\t<div class=\"elementor-post__text\">\n\t\t\t\t<h3 class=\"elementor-post__title\">\n\t\t\t<a href=\"https:\/\/slolux.eu\/fr\/lords-of-vegeta-balkanski-etno-world-koncert-v-slovenski-izvedbi\/\" >\n\t\t\t\tLords of Vegeta, un concert de musique ethnique balkanique interpr\u00e9t\u00e9 par des Slov\u00e8nes\t\t\t<\/a>\n\t\t<\/h3>\n\t\t\t\t<div class=\"elementor-post__excerpt\">\n\t\t\t<p>Lords of Vegeta arrive au Luxembourg avec son programme ethno-world \u00ab Une Tourn\u00e9e des Balkans \u00bb. Ce concert unique offre une exp\u00e9rience musicale immersive avec des m\u00e9lodies et des rythmes balkaniques authentiques, ainsi que des compositions originales de Gaja et Ana, enrichies de subtiles influences nordiques.<\/p>\n\t\t<\/div>\n\t\t\t\t\t<div class=\"elementor-post__read-more-wrapper\">\n\t\t\n\t\t<a class=\"elementor-post__read-more\" href=\"https:\/\/slolux.eu\/fr\/lords-of-vegeta-balkanski-etno-world-koncert-v-slovenski-izvedbi\/\" aria-label=\"En savoir plus sur Lords of Vegeta, balkanski etno-world koncert v slovenski izvedbi\" tabindex=\"-1\" >\n\t\t\tLire la suite \u279d\t\t<\/a>\n\n\t\t\t\t\t<\/div>\n\t\t\t\t<\/div>\n\t\t\t\t<div class=\"elementor-post__meta-data\">\n\t\t\t\t\t<span class=\"elementor-post-date\">\n\t\t\t11.04.2026\t\t<\/span>\n\t\t\t\t<\/div>\n\t\t\t\t\t<\/div>\n\t\t<\/article>\n\t\t\t\t<article class=\"elementor-post elementor-grid-item post-7028 post type-post status-publish format-standard has-post-thumbnail hentry category-dobrodelnost category-druzine category-ne-zamudite category-news tag-dobrodelnost tag-newsletter tag-otroci tag-starsi\">\n\t\t\t<div class=\"elementor-post__card\">\n\t\t\t\t<a class=\"elementor-post__thumbnail__link\" href=\"https:\/\/slolux.eu\/fr\/dobrodelna-akcija-drustva-slolux-za-onkoman-2025\/\" tabindex=\"-1\" ><div class=\"elementor-post__thumbnail\"><img loading=\"lazy\" decoding=\"async\" width=\"1080\" height=\"1080\" src=\"https:\/\/slolux.eu\/wp-content\/uploads\/2025\/11\/onkoman_logo.jpg\" class=\"attachment-full size-full wp-image-6959\" alt=\"\" srcset=\"https:\/\/slolux.eu\/wp-content\/uploads\/2025\/11\/onkoman_logo.jpg 1080w, https:\/\/slolux.eu\/wp-content\/uploads\/2025\/11\/onkoman_logo-300x300.jpg 300w, https:\/\/slolux.eu\/wp-content\/uploads\/2025\/11\/onkoman_logo-1024x1024.jpg 1024w, https:\/\/slolux.eu\/wp-content\/uploads\/2025\/11\/onkoman_logo-150x150.jpg 150w, https:\/\/slolux.eu\/wp-content\/uploads\/2025\/11\/onkoman_logo-768x768.jpg 768w, https:\/\/slolux.eu\/wp-content\/uploads\/2025\/11\/onkoman_logo-12x12.jpg 12w\" sizes=\"auto, (max-width: 1080px) 100vw, 1080px\" \/><\/div><\/a>\n\t\t\t\t<div class=\"elementor-post__text\">\n\t\t\t\t<h3 class=\"elementor-post__title\">\n\t\t\t<a href=\"https:\/\/slolux.eu\/fr\/dobrodelna-akcija-drustva-slolux-za-onkoman-2025\/\" >\n\t\t\t\tCampagne caritative de l&#039;association Slolux pour Onkoman 2025\t\t\t<\/a>\n\t\t<\/h3>\n\t\t\t\t<div class=\"elementor-post__excerpt\">\n\t\t\t<p>Cette ann\u00e9e, la campagne caritative de l&#039;association Slolux est d\u00e9di\u00e9e \u00e0 l&#039;association Onkoman. Merci d&#039;avance pour vos dons\u00a0!<\/p>\n\t\t<\/div>\n\t\t\t\t\t<div class=\"elementor-post__read-more-wrapper\">\n\t\t\n\t\t<a class=\"elementor-post__read-more\" href=\"https:\/\/slolux.eu\/fr\/dobrodelna-akcija-drustva-slolux-za-onkoman-2025\/\" aria-label=\"En savoir plus sur Dobrodelna akcija dru\u0161tva Slolux za Onkoman 2025\" tabindex=\"-1\" >\n\t\t\tLire la suite \u279d\t\t<\/a>\n\n\t\t\t\t\t<\/div>\n\t\t\t\t<\/div>\n\t\t\t\t<div class=\"elementor-post__meta-data\">\n\t\t\t\t\t<span class=\"elementor-post-date\">\n\t\t\t24.11.2025\t\t<\/span>\n\t\t\t\t<\/div>\n\t\t\t\t\t<\/div>\n\t\t<\/article>\n\t\t\t\t<article class=\"elementor-post elementor-grid-item post-7026 post type-post status-publish format-standard has-post-thumbnail hentry category-izdelki category-ne-zamudite category-news category-predstavitev category-trgovina category-ugodnosti tag-izdelki tag-newsletter tag-trgovina\">\n\t\t\t<div class=\"elementor-post__card\">\n\t\t\t\t<a class=\"elementor-post__thumbnail__link\" href=\"https:\/\/slolux.eu\/fr\/slovenski-planinski-koledar-2026\/\" tabindex=\"-1\" ><div class=\"elementor-post__thumbnail\"><img loading=\"lazy\" decoding=\"async\" width=\"1760\" height=\"2560\" src=\"https:\/\/slolux.eu\/wp-content\/uploads\/2025\/11\/PZS_koledar_2026_Stran_01-scaled.jpg\" class=\"attachment-full size-full wp-image-7024\" alt=\"\" srcset=\"https:\/\/slolux.eu\/wp-content\/uploads\/2025\/11\/PZS_koledar_2026_Stran_01-scaled.jpg 1760w, https:\/\/slolux.eu\/wp-content\/uploads\/2025\/11\/PZS_koledar_2026_Stran_01-206x300.jpg 206w, https:\/\/slolux.eu\/wp-content\/uploads\/2025\/11\/PZS_koledar_2026_Stran_01-704x1024.jpg 704w, https:\/\/slolux.eu\/wp-content\/uploads\/2025\/11\/PZS_koledar_2026_Stran_01-768x1117.jpg 768w, https:\/\/slolux.eu\/wp-content\/uploads\/2025\/11\/PZS_koledar_2026_Stran_01-1056x1536.jpg 1056w, https:\/\/slolux.eu\/wp-content\/uploads\/2025\/11\/PZS_koledar_2026_Stran_01-1408x2048.jpg 1408w, https:\/\/slolux.eu\/wp-content\/uploads\/2025\/11\/PZS_koledar_2026_Stran_01-8x12.jpg 8w\" sizes=\"auto, (max-width: 1760px) 100vw, 1760px\" \/><\/div><\/a>\n\t\t\t\t<div class=\"elementor-post__text\">\n\t\t\t\t<h3 class=\"elementor-post__title\">\n\t\t\t<a href=\"https:\/\/slolux.eu\/fr\/slovenski-planinski-koledar-2026\/\" >\n\t\t\t\tCalendrier des montagnes slov\u00e8nes 2026\t\t\t<\/a>\n\t\t<\/h3>\n\t\t\t\t<div class=\"elementor-post__excerpt\">\n\t\t\t<p>Cette ann\u00e9e, nous vous proposons \u00e9galement un calendrier des montagnes slov\u00e8nes pour 2026. Chaque page du calendrier pr\u00e9sente une magnifique photo diff\u00e9rente des montagnes slov\u00e8nes, pour vous rappeler sans cesse les beaut\u00e9s de la Slov\u00e9nie.<\/p>\n\t\t<\/div>\n\t\t\t\t\t<div class=\"elementor-post__read-more-wrapper\">\n\t\t\n\t\t<a class=\"elementor-post__read-more\" href=\"https:\/\/slolux.eu\/fr\/slovenski-planinski-koledar-2026\/\" aria-label=\"En savoir plus sur Slovenski planinski koledar 2026\" tabindex=\"-1\" >\n\t\t\tLire la suite \u279d\t\t<\/a>\n\n\t\t\t\t\t<\/div>\n\t\t\t\t<\/div>\n\t\t\t\t<div class=\"elementor-post__meta-data\">\n\t\t\t\t\t<span class=\"elementor-post-date\">\n\t\t\t24.11.2025\t\t<\/span>\n\t\t\t\t<\/div>\n\t\t\t\t\t<\/div>\n\t\t<\/article>\n\t\t\t\t<article class=\"elementor-post elementor-grid-item post-6973 post type-post status-publish format-standard has-post-thumbnail hentry category-druzabno-srecanje category-gostovanja-iz-slovenije category-kino category-knjige category-news category-po-dogodku tag-druzenje tag-film tag-starsi\">\n\t\t\t<div class=\"elementor-post__card\">\n\t\t\t\t<a class=\"elementor-post__thumbnail__link\" href=\"https:\/\/slolux.eu\/fr\/%f0%9f%87%b8%f0%9f%87%ae-slovenski-vecer-na-festivalu-cineast-%f0%9f%8e%ac\/\" tabindex=\"-1\" ><div class=\"elementor-post__thumbnail\"><img loading=\"lazy\" decoding=\"async\" width=\"480\" height=\"640\" src=\"https:\/\/slolux.eu\/wp-content\/uploads\/2025\/11\/26-cineast-1.jpg\" class=\"attachment-full size-full wp-image-6979\" alt=\"\" srcset=\"https:\/\/slolux.eu\/wp-content\/uploads\/2025\/11\/26-cineast-1.jpg 480w, https:\/\/slolux.eu\/wp-content\/uploads\/2025\/11\/26-cineast-1-225x300.jpg 225w, https:\/\/slolux.eu\/wp-content\/uploads\/2025\/11\/26-cineast-1-9x12.jpg 9w\" sizes=\"auto, (max-width: 480px) 100vw, 480px\" \/><\/div><\/a>\n\t\t\t\t<div class=\"elementor-post__text\">\n\t\t\t\t<h3 class=\"elementor-post__title\">\n\t\t\t<a href=\"https:\/\/slolux.eu\/fr\/%f0%9f%87%b8%f0%9f%87%ae-slovenski-vecer-na-festivalu-cineast-%f0%9f%8e%ac\/\" >\n\t\t\t\t\u00ab Le blanc est lav\u00e9 \u00e0 90 ans \u00bb et soir\u00e9e slov\u00e8ne au festival CinEast\t\t\t<\/a>\n\t\t<\/h3>\n\t\t\t\t<div class=\"elementor-post__excerpt\">\n\t\t\t<p>Bronja \u017dakelj et le film Belo se pere na 90, bas\u00e9 sur son histoire, \u00e9taient les invit\u00e9s du festival Cineast \u00e0 Luxembourg.<\/p>\n\t\t<\/div>\n\t\t\t\t\t<div class=\"elementor-post__read-more-wrapper\">\n\t\t\n\t\t<a class=\"elementor-post__read-more\" href=\"https:\/\/slolux.eu\/fr\/%f0%9f%87%b8%f0%9f%87%ae-slovenski-vecer-na-festivalu-cineast-%f0%9f%8e%ac\/\" aria-label=\"En savoir plus sur \u201eBelo se pere na 90\u201c in slovenski ve\u010der na festivalu CinEast\" tabindex=\"-1\" >\n\t\t\tLire la suite \u279d\t\t<\/a>\n\n\t\t\t\t\t<\/div>\n\t\t\t\t<\/div>\n\t\t\t\t<div class=\"elementor-post__meta-data\">\n\t\t\t\t\t<span class=\"elementor-post-date\">\n\t\t\t23.10.2025\t\t<\/span>\n\t\t\t\t<\/div>\n\t\t\t\t\t<\/div>\n\t\t<\/article>\n\t\t\t\t<\/div>\n\t\t\n\t\t\t\t\t\t<\/div>\n\t\t\t\t<\/div>\n\t\t\t\t<div class=\"elementor-element elementor-element-99408ad elementor-align-left elementor-tablet-align-center elementor-hidden-desktop elementor-widget elementor-widget-button\" data-id=\"99408ad\" data-element_type=\"widget\" data-widget_type=\"button.default\">\n\t\t\t\t<div class=\"elementor-widget-container\">\n\t\t\t\t\t\t\t\t\t<div class=\"elementor-button-wrapper\">\n\t\t\t\t\t<a class=\"elementor-button elementor-button-link elementor-size-md\" href=\"https:\/\/slolux.eu\/fr\/category\/news\/\">\n\t\t\t\t\t\t<span class=\"elementor-button-content-wrapper\">\n\t\t\t\t\t\t<span class=\"elementor-button-icon\">\n\t\t\t\t<svg aria-hidden=\"true\" class=\"e-font-icon-svg e-fas-caret-right\" viewbox=\"0 0 192 512\" xmlns=\"http:\/\/www.w3.org\/2000\/svg\"><path d=\"M0 384.662V127.338c0-17.818 21.543-26.741 34.142-14.142l128.662 128.662c7.81 7.81 7.81 20.474 0 28.284L34.142 398.804C21.543 411.404 0 402.48 0 384.662z\"><\/path><\/svg>\t\t\t<\/span>\n\t\t\t\t\t\t\t\t\t<span class=\"elementor-button-text\">Voir toutes les actualit\u00e9s<\/span>\n\t\t\t\t\t<\/span>\n\t\t\t\t\t<\/a>\n\t\t\t\t<\/div>\n\t\t\t\t\t\t\t\t<\/div>\n\t\t\t\t<\/div>\n\t\t\t\t\t<\/div>\n\t\t<\/div>\n\t\t\t\t<div class=\"elementor-column elementor-col-50 elementor-top-column elementor-element elementor-element-611482c0\" data-id=\"611482c0\" data-element_type=\"column\">\n\t\t\t<div class=\"elementor-widget-wrap elementor-element-populated\">\n\t\t\t\t\t\t<div class=\"elementor-element elementor-element-7b691b12 elementor-widget-divider--separator-type-pattern elementor-widget-divider--view-line elementor-widget elementor-widget-divider\" data-id=\"7b691b12\" data-element_type=\"widget\" data-widget_type=\"divider.default\">\n\t\t\t\t<div class=\"elementor-widget-container\">\n\t\t\t\t\t\t\t<div class=\"elementor-divider\" style=\"--divider-pattern-url: url(&quot;data:image\/svg+xml,%3Csvg xmlns=&#039;http:\/\/www.w3.org\/2000\/svg&#039; preserveAspectRatio=&#039;none&#039; overflow=&#039;visible&#039; height=&#039;100%&#039; viewBox=&#039;0 0 20 16&#039; fill=&#039;none&#039; stroke=&#039;black&#039; stroke-width=&#039;2.2&#039; stroke-linecap=&#039;square&#039; stroke-miterlimit=&#039;10&#039;%3E%3Cg transform=&#039;translate(-12.000000, 0)&#039;%3E%3Cpath d=&#039;M28,0L10,18&#039;\/%3E%3Cpath d=&#039;M18,0L0,18&#039;\/%3E%3Cpath d=&#039;M48,0L30,18&#039;\/%3E%3Cpath d=&#039;M38,0L20,18&#039;\/%3E%3C\/g%3E%3C\/svg%3E&quot;);\">\n\t\t\t<span class=\"elementor-divider-separator\">\n\t\t\t\t\t\t<\/span>\n\t\t<\/div>\n\t\t\t\t\t\t<\/div>\n\t\t\t\t<\/div>\n\t\t\t\t<div class=\"elementor-element elementor-element-10ae530e elementor-widget elementor-widget-heading\" data-id=\"10ae530e\" data-element_type=\"widget\" data-widget_type=\"heading.default\">\n\t\t\t\t<div class=\"elementor-widget-container\">\n\t\t\t\t\t<h2 class=\"elementor-heading-title elementor-size-default\">Derni\u00e8res nouvelles<\/h2>\t\t\t\t<\/div>\n\t\t\t\t<\/div>\n\t\t\t\t<div class=\"elementor-element elementor-element-1b61e90d elementor-widget elementor-widget-text-editor\" data-id=\"1b61e90d\" data-element_type=\"widget\" data-widget_type=\"text-editor.default\">\n\t\t\t\t<div class=\"elementor-widget-container\">\n\t\t\t\t\t\t\t\t\t<p>Restez \u00e0 jour. Lire les nouvelles.<\/p>\t\t\t\t\t\t\t\t<\/div>\n\t\t\t\t<\/div>\n\t\t\t\t<div class=\"elementor-element elementor-element-7e3fe60e elementor-align-left elementor-tablet-align-center elementor-hidden-tablet elementor-hidden-mobile elementor-widget elementor-widget-button\" data-id=\"7e3fe60e\" data-element_type=\"widget\" data-widget_type=\"button.default\">\n\t\t\t\t<div class=\"elementor-widget-container\">\n\t\t\t\t\t\t\t\t\t<div class=\"elementor-button-wrapper\">\n\t\t\t\t\t<a class=\"elementor-button elementor-button-link elementor-size-md\" href=\"https:\/\/slolux.eu\/fr\/category\/news\/\">\n\t\t\t\t\t\t<span class=\"elementor-button-content-wrapper\">\n\t\t\t\t\t\t<span class=\"elementor-button-icon\">\n\t\t\t\t<svg aria-hidden=\"true\" class=\"e-font-icon-svg e-fas-caret-right\" viewbox=\"0 0 192 512\" xmlns=\"http:\/\/www.w3.org\/2000\/svg\"><path d=\"M0 384.662V127.338c0-17.818 21.543-26.741 34.142-14.142l128.662 128.662c7.81 7.81 7.81 20.474 0 28.284L34.142 398.804C21.543 411.404 0 402.48 0 384.662z\"><\/path><\/svg>\t\t\t<\/span>\n\t\t\t\t\t\t\t\t\t<span class=\"elementor-button-text\">Voir toutes les actualit\u00e9s<\/span>\n\t\t\t\t\t<\/span>\n\t\t\t\t\t<\/a>\n\t\t\t\t<\/div>\n\t\t\t\t\t\t\t\t<\/div>\n\t\t\t\t<\/div>\n\t\t\t\t\t<\/div>\n\t\t<\/div>\n\t\t\t\t\t<\/div>\n\t\t<\/section>\n\t\t\t\t<section class=\"elementor-section elementor-top-section elementor-element elementor-element-24e65085 elementor-section-full_width elementor-section-height-min-height elementor-section-items-stretch elementor-section-height-default\" data-id=\"24e65085\" data-element_type=\"section\">\n\t\t\t\t\t\t<div class=\"elementor-container elementor-column-gap-default\">\n\t\t\t\t\t<div class=\"elementor-column elementor-col-50 elementor-top-column elementor-element elementor-element-4fe8daa\" data-id=\"4fe8daa\" data-element_type=\"column\" data-settings=\"{&quot;background_background&quot;:&quot;slideshow&quot;,&quot;background_slideshow_gallery&quot;:[],&quot;background_slideshow_loop&quot;:&quot;yes&quot;,&quot;background_slideshow_slide_duration&quot;:5000,&quot;background_slideshow_slide_transition&quot;:&quot;fade&quot;,&quot;background_slideshow_transition_duration&quot;:500}\">\n\t\t\t<div class=\"elementor-widget-wrap\">\n\t\t\t\t\t\t\t<\/div>\n\t\t<\/div>\n\t\t\t\t<div class=\"elementor-column elementor-col-50 elementor-top-column elementor-element elementor-element-222ae87d\" data-id=\"222ae87d\" data-element_type=\"column\" data-settings=\"{&quot;background_background&quot;:&quot;slideshow&quot;,&quot;background_slideshow_gallery&quot;:[{&quot;id&quot;:5257,&quot;url&quot;:&quot;https:\\\/\\\/slolux.eu\\\/wp-content\\\/uploads\\\/2023\\\/12\\\/393785665_10160883696288972_6551545560024121618_n.jpg&quot;},{&quot;id&quot;:5258,&quot;url&quot;:&quot;https:\\\/\\\/slolux.eu\\\/wp-content\\\/uploads\\\/2023\\\/12\\\/393729681_10160883696323972_1940711754860901771_n.jpg&quot;},{&quot;id&quot;:5259,&quot;url&quot;:&quot;https:\\\/\\\/slolux.eu\\\/wp-content\\\/uploads\\\/2023\\\/12\\\/393728585_10160883696383972_4942536789197533003_n-1-1.jpg&quot;}],&quot;background_slideshow_slide_duration&quot;:&quot;2500&quot;,&quot;background_slideshow_loop&quot;:&quot;yes&quot;,&quot;background_slideshow_slide_transition&quot;:&quot;fade&quot;,&quot;background_slideshow_transition_duration&quot;:500}\">\n\t\t\t<div class=\"elementor-widget-wrap\">\n\t\t\t\t\t\t\t<\/div>\n\t\t<\/div>\n\t\t\t\t\t<\/div>\n\t\t<\/section>\n\t\t\t\t<section class=\"elementor-section elementor-top-section elementor-element elementor-element-62ff0f8e elementor-section-height-min-height elementor-section-boxed elementor-section-height-default elementor-section-items-middle\" data-id=\"62ff0f8e\" data-element_type=\"section\" data-settings=\"{&quot;motion_fx_motion_fx_scrolling&quot;:&quot;yes&quot;,&quot;motion_fx_translateY_effect&quot;:&quot;yes&quot;,&quot;motion_fx_translateY_direction&quot;:&quot;negative&quot;,&quot;motion_fx_translateY_speed&quot;:{&quot;unit&quot;:&quot;px&quot;,&quot;size&quot;:&quot;1&quot;,&quot;sizes&quot;:[]},&quot;motion_fx_translateY_affectedRange&quot;:{&quot;unit&quot;:&quot;%&quot;,&quot;size&quot;:&quot;&quot;,&quot;sizes&quot;:{&quot;start&quot;:0,&quot;end&quot;:100}},&quot;motion_fx_devices&quot;:[&quot;desktop&quot;,&quot;tablet&quot;,&quot;mobile&quot;]}\">\n\t\t\t\t\t\t<div class=\"elementor-container elementor-column-gap-default\">\n\t\t\t\t\t<div class=\"elementor-column elementor-col-100 elementor-top-column elementor-element elementor-element-3d9fdf79\" data-id=\"3d9fdf79\" data-element_type=\"column\">\n\t\t\t<div class=\"elementor-widget-wrap elementor-element-populated\">\n\t\t\t\t\t\t<section class=\"elementor-section elementor-inner-section elementor-element elementor-element-1f05507d elementor-section-height-min-height elementor-section-boxed elementor-section-height-default\" data-id=\"1f05507d\" data-element_type=\"section\" data-settings=\"{&quot;background_background&quot;:&quot;classic&quot;}\">\n\t\t\t\t\t\t<div class=\"elementor-container elementor-column-gap-default\">\n\t\t\t\t\t<div class=\"elementor-column elementor-col-50 elementor-inner-column elementor-element elementor-element-19686305\" data-id=\"19686305\" data-element_type=\"column\">\n\t\t\t<div class=\"elementor-widget-wrap elementor-element-populated\">\n\t\t\t\t\t\t<div class=\"elementor-element elementor-element-cf13345 elementor-widget elementor-widget-heading\" data-id=\"cf13345\" data-element_type=\"widget\" data-widget_type=\"heading.default\">\n\t\t\t\t<div class=\"elementor-widget-container\">\n\t\t\t\t\t<h2 class=\"elementor-heading-title elementor-size-default\">Des gens extraordinaires. Des \u00e9v\u00e9nements extraordinaires.<\/h2>\t\t\t\t<\/div>\n\t\t\t\t<\/div>\n\t\t\t\t\t<\/div>\n\t\t<\/div>\n\t\t\t\t<div class=\"elementor-column elementor-col-50 elementor-inner-column elementor-element elementor-element-1a0ae6c5\" data-id=\"1a0ae6c5\" data-element_type=\"column\">\n\t\t\t<div class=\"elementor-widget-wrap elementor-element-populated\">\n\t\t\t\t\t\t<div class=\"elementor-element elementor-element-c898eef elementor-align-right elementor-tablet-align-center elementor-mobile-align-justify elementor-widget elementor-widget-button\" data-id=\"c898eef\" data-element_type=\"widget\" data-widget_type=\"button.default\">\n\t\t\t\t<div class=\"elementor-widget-container\">\n\t\t\t\t\t\t\t\t\t<div class=\"elementor-button-wrapper\">\n\t\t\t\t\t<a class=\"elementor-button elementor-button-link elementor-size-md\" href=\"https:\/\/slolux.eu\/fr\/dogodki\/\">\n\t\t\t\t\t\t<span class=\"elementor-button-content-wrapper\">\n\t\t\t\t\t\t<span class=\"elementor-button-icon\">\n\t\t\t\t<svg aria-hidden=\"true\" class=\"e-font-icon-svg e-fas-caret-right\" viewbox=\"0 0 192 512\" xmlns=\"http:\/\/www.w3.org\/2000\/svg\"><path d=\"M0 384.662V127.338c0-17.818 21.543-26.741 34.142-14.142l128.662 128.662c7.81 7.81 7.81 20.474 0 28.284L34.142 398.804C21.543 411.404 0 402.48 0 384.662z\"><\/path><\/svg>\t\t\t<\/span>\n\t\t\t\t\t\t\t\t\t<span class=\"elementor-button-text\">\u00c9v\u00e8nements \u00e0 venir<\/span>\n\t\t\t\t\t<\/span>\n\t\t\t\t\t<\/a>\n\t\t\t\t<\/div>\n\t\t\t\t\t\t\t\t<\/div>\n\t\t\t\t<\/div>\n\t\t\t\t\t<\/div>\n\t\t<\/div>\n\t\t\t\t\t<\/div>\n\t\t<\/section>\n\t\t\t\t\t<\/div>\n\t\t<\/div>\n\t\t\t\t\t<\/div>\n\t\t<\/section>\n\t\t\t\t<section class=\"elementor-section elementor-top-section elementor-element elementor-element-75781f0 elementor-reverse-mobile elementor-section-boxed elementor-section-height-default elementor-section-height-default\" data-id=\"75781f0\" data-element_type=\"section\">\n\t\t\t\t\t\t<div class=\"elementor-container elementor-column-gap-default\">\n\t\t\t\t\t<div class=\"elementor-column elementor-col-100 elementor-top-column elementor-element elementor-element-b2ac3c0\" data-id=\"b2ac3c0\" data-element_type=\"column\">\n\t\t\t<div class=\"elementor-widget-wrap elementor-element-populated\">\n\t\t\t\t\t\t<section class=\"elementor-section elementor-inner-section elementor-element elementor-element-3283c1e elementor-section-full_width elementor-section-height-default elementor-section-height-default\" data-id=\"3283c1e\" data-element_type=\"section\">\n\t\t\t\t\t\t<div class=\"elementor-container elementor-column-gap-default\">\n\t\t\t\t\t<div class=\"elementor-column elementor-col-50 elementor-inner-column elementor-element elementor-element-41b73c9\" data-id=\"41b73c9\" data-element_type=\"column\">\n\t\t\t<div class=\"elementor-widget-wrap elementor-element-populated\">\n\t\t\t\t\t\t<div class=\"elementor-element elementor-element-c76e404 elementor-widget-divider--separator-type-pattern elementor-widget-divider--view-line elementor-widget elementor-widget-divider\" data-id=\"c76e404\" data-element_type=\"widget\" data-widget_type=\"divider.default\">\n\t\t\t\t<div class=\"elementor-widget-container\">\n\t\t\t\t\t\t\t<div class=\"elementor-divider\" style=\"--divider-pattern-url: url(&quot;data:image\/svg+xml,%3Csvg xmlns=&#039;http:\/\/www.w3.org\/2000\/svg&#039; preserveAspectRatio=&#039;none&#039; overflow=&#039;visible&#039; height=&#039;100%&#039; viewBox=&#039;0 0 20 16&#039; fill=&#039;none&#039; stroke=&#039;black&#039; stroke-width=&#039;2.2&#039; stroke-linecap=&#039;square&#039; stroke-miterlimit=&#039;10&#039;%3E%3Cg transform=&#039;translate(-12.000000, 0)&#039;%3E%3Cpath d=&#039;M28,0L10,18&#039;\/%3E%3Cpath d=&#039;M18,0L0,18&#039;\/%3E%3Cpath d=&#039;M48,0L30,18&#039;\/%3E%3Cpath d=&#039;M38,0L20,18&#039;\/%3E%3C\/g%3E%3C\/svg%3E&quot;);\">\n\t\t\t<span class=\"elementor-divider-separator\">\n\t\t\t\t\t\t<\/span>\n\t\t<\/div>\n\t\t\t\t\t\t<\/div>\n\t\t\t\t<\/div>\n\t\t\t\t<div class=\"elementor-element elementor-element-73922f6 elementor-widget elementor-widget-heading\" data-id=\"73922f6\" data-element_type=\"widget\" data-widget_type=\"heading.default\">\n\t\t\t\t<div class=\"elementor-widget-container\">\n\t\t\t\t\t<h2 class=\"elementor-heading-title elementor-size-default\">D\u00e9couvrez les faits saillants des \u00e9v\u00e9nements pass\u00e9s.<\/h2>\t\t\t\t<\/div>\n\t\t\t\t<\/div>\n\t\t\t\t<div class=\"elementor-element elementor-element-5869b6d elementor-widget elementor-widget-text-editor\" data-id=\"5869b6d\" data-element_type=\"widget\" data-widget_type=\"text-editor.default\">\n\t\t\t\t<div class=\"elementor-widget-container\">\n\t\t\t\t\t\t\t\t\t<p>Nos \u00e9v\u00e9nements passionnent la communaut\u00e9 luxembourgeoise depuis 2015. D\u00e9couvrez les moments forts des \u00e9v\u00e9nements pass\u00e9s.<\/p>\t\t\t\t\t\t\t\t<\/div>\n\t\t\t\t<\/div>\n\t\t\t\t<div class=\"elementor-element elementor-element-bd1d252 elementor-tablet-align-center elementor-hidden-mobile elementor-hidden-tablet elementor-widget elementor-widget-button\" data-id=\"bd1d252\" data-element_type=\"widget\" data-widget_type=\"button.default\">\n\t\t\t\t<div class=\"elementor-widget-container\">\n\t\t\t\t\t\t\t\t\t<div class=\"elementor-button-wrapper\">\n\t\t\t\t\t<a class=\"elementor-button elementor-button-link elementor-size-md\" href=\"https:\/\/slolux.eu\/fr\/category\/po-dogodku\/\">\n\t\t\t\t\t\t<span class=\"elementor-button-content-wrapper\">\n\t\t\t\t\t\t<span class=\"elementor-button-icon\">\n\t\t\t\t<svg aria-hidden=\"true\" class=\"e-font-icon-svg e-fas-caret-right\" viewbox=\"0 0 192 512\" xmlns=\"http:\/\/www.w3.org\/2000\/svg\"><path d=\"M0 384.662V127.338c0-17.818 21.543-26.741 34.142-14.142l128.662 128.662c7.81 7.81 7.81 20.474 0 28.284L34.142 398.804C21.543 411.404 0 402.48 0 384.662z\"><\/path><\/svg>\t\t\t<\/span>\n\t\t\t\t\t\t\t\t\t<span class=\"elementor-button-text\">Aper\u00e7us des \u00e9v\u00e9nements pass\u00e9s<\/span>\n\t\t\t\t\t<\/span>\n\t\t\t\t\t<\/a>\n\t\t\t\t<\/div>\n\t\t\t\t\t\t\t\t<\/div>\n\t\t\t\t<\/div>\n\t\t\t\t\t<\/div>\n\t\t<\/div>\n\t\t\t\t<div class=\"elementor-column elementor-col-50 elementor-inner-column elementor-element elementor-element-8dcdcc1\" data-id=\"8dcdcc1\" data-element_type=\"column\">\n\t\t\t<div class=\"elementor-widget-wrap elementor-element-populated\">\n\t\t\t\t\t\t<div class=\"elementor-element elementor-element-87ec067 elementor-posts--align-left elementor-posts__hover-none elementor-grid-tablet-3 elementor-grid-3 elementor-grid-mobile-1 elementor-posts--thumbnail-top elementor-widget elementor-widget-posts\" data-id=\"87ec067\" data-element_type=\"widget\" data-settings=\"{&quot;cards_row_gap&quot;:{&quot;unit&quot;:&quot;px&quot;,&quot;size&quot;:&quot;50&quot;,&quot;sizes&quot;:[]},&quot;cards_columns_tablet&quot;:&quot;3&quot;,&quot;cards_row_gap_mobile&quot;:{&quot;unit&quot;:&quot;px&quot;,&quot;size&quot;:16,&quot;sizes&quot;:[]},&quot;cards_columns&quot;:&quot;3&quot;,&quot;cards_columns_mobile&quot;:&quot;1&quot;,&quot;cards_row_gap_tablet&quot;:{&quot;unit&quot;:&quot;px&quot;,&quot;size&quot;:&quot;&quot;,&quot;sizes&quot;:[]}}\" data-widget_type=\"posts.cards\">\n\t\t\t\t<div class=\"elementor-widget-container\">\n\t\t\t\t\t\t\t<div class=\"elementor-posts-container elementor-posts elementor-posts--skin-cards elementor-grid\">\n\t\t\t\t<article class=\"elementor-post elementor-grid-item post-7054 post type-post status-publish format-standard has-post-thumbnail hentry category-druzabno-srecanje category-gostovanja-iz-slovenije category-kino category-ne-zamudite category-news category-po-dogodku\">\n\t\t\t<div class=\"elementor-post__card\">\n\t\t\t\t<a class=\"elementor-post__thumbnail__link\" href=\"https:\/\/slolux.eu\/fr\/ganljiva-zgodba-filma-ko-pridem-ven\/\" tabindex=\"-1\" ><div class=\"elementor-post__thumbnail\"><img loading=\"lazy\" decoding=\"async\" width=\"1600\" height=\"1200\" src=\"https:\/\/slolux.eu\/wp-content\/uploads\/2026\/04\/f8fe1053-1980-40e8-a68c-62a5c9bcc21b.jpg\" class=\"attachment-full size-full wp-image-7058\" alt=\"\" srcset=\"https:\/\/slolux.eu\/wp-content\/uploads\/2026\/04\/f8fe1053-1980-40e8-a68c-62a5c9bcc21b.jpg 1600w, https:\/\/slolux.eu\/wp-content\/uploads\/2026\/04\/f8fe1053-1980-40e8-a68c-62a5c9bcc21b-300x225.jpg 300w, https:\/\/slolux.eu\/wp-content\/uploads\/2026\/04\/f8fe1053-1980-40e8-a68c-62a5c9bcc21b-1024x768.jpg 1024w, https:\/\/slolux.eu\/wp-content\/uploads\/2026\/04\/f8fe1053-1980-40e8-a68c-62a5c9bcc21b-768x576.jpg 768w, https:\/\/slolux.eu\/wp-content\/uploads\/2026\/04\/f8fe1053-1980-40e8-a68c-62a5c9bcc21b-1536x1152.jpg 1536w, https:\/\/slolux.eu\/wp-content\/uploads\/2026\/04\/f8fe1053-1980-40e8-a68c-62a5c9bcc21b-16x12.jpg 16w\" sizes=\"auto, (max-width: 1600px) 100vw, 1600px\" \/><\/div><\/a>\n\t\t\t\t<div class=\"elementor-post__text\">\n\t\t\t\t<h3 class=\"elementor-post__title\">\n\t\t\t<a href=\"https:\/\/slolux.eu\/fr\/ganljiva-zgodba-filma-ko-pridem-ven\/\" >\n\t\t\t\tL&#039;histoire \u00e9mouvante du film When I Get Out\t\t\t<\/a>\n\t\t<\/h3>\n\t\t\t\t<div class=\"elementor-post__excerpt\">\n\t\t\t<p>Le mercredi 15 avril, nous avons organis\u00e9 une soir\u00e9e cin\u00e9ma slov\u00e8ne exceptionnelle au cin\u00e9ma Utopia. Nous avons visionn\u00e9 le film \u00ab\u00a0When I Come Out\u00a0\u00bb, suivi d&#039;une discussion avec le r\u00e9alisateur Metod Pevac.<\/p>\n\t\t<\/div>\n\t\t\t\t\t<div class=\"elementor-post__read-more-wrapper\">\n\t\t\n\t\t<a class=\"elementor-post__read-more\" href=\"https:\/\/slolux.eu\/fr\/ganljiva-zgodba-filma-ko-pridem-ven\/\" aria-label=\"En savoir plus sur Ganljiva zgodba filma Ko pridem ven\" tabindex=\"-1\" >\n\t\t\tLire la suite \u279d\t\t<\/a>\n\n\t\t\t\t\t<\/div>\n\t\t\t\t<\/div>\n\t\t\t\t<div class=\"elementor-post__meta-data\">\n\t\t\t\t\t<span class=\"elementor-post-author\">\n\t\t\t\u00c9mile\t\t<\/span>\n\t\t\t\t<span class=\"elementor-post-date\">\n\t\t\t21.04.2026\t\t<\/span>\n\t\t\t\t<\/div>\n\t\t\t\t\t<\/div>\n\t\t<\/article>\n\t\t\t\t<article class=\"elementor-post elementor-grid-item post-6973 post type-post status-publish format-standard has-post-thumbnail hentry category-druzabno-srecanje category-gostovanja-iz-slovenije category-kino category-knjige category-news category-po-dogodku tag-druzenje tag-film tag-starsi\">\n\t\t\t<div class=\"elementor-post__card\">\n\t\t\t\t<a class=\"elementor-post__thumbnail__link\" href=\"https:\/\/slolux.eu\/fr\/%f0%9f%87%b8%f0%9f%87%ae-slovenski-vecer-na-festivalu-cineast-%f0%9f%8e%ac\/\" tabindex=\"-1\" ><div class=\"elementor-post__thumbnail\"><img loading=\"lazy\" decoding=\"async\" width=\"480\" height=\"640\" src=\"https:\/\/slolux.eu\/wp-content\/uploads\/2025\/11\/26-cineast-1.jpg\" class=\"attachment-full size-full wp-image-6979\" alt=\"\" srcset=\"https:\/\/slolux.eu\/wp-content\/uploads\/2025\/11\/26-cineast-1.jpg 480w, https:\/\/slolux.eu\/wp-content\/uploads\/2025\/11\/26-cineast-1-225x300.jpg 225w, https:\/\/slolux.eu\/wp-content\/uploads\/2025\/11\/26-cineast-1-9x12.jpg 9w\" sizes=\"auto, (max-width: 480px) 100vw, 480px\" \/><\/div><\/a>\n\t\t\t\t<div class=\"elementor-post__text\">\n\t\t\t\t<h3 class=\"elementor-post__title\">\n\t\t\t<a href=\"https:\/\/slolux.eu\/fr\/%f0%9f%87%b8%f0%9f%87%ae-slovenski-vecer-na-festivalu-cineast-%f0%9f%8e%ac\/\" >\n\t\t\t\t\u00ab Le blanc est lav\u00e9 \u00e0 90 ans \u00bb et soir\u00e9e slov\u00e8ne au festival CinEast\t\t\t<\/a>\n\t\t<\/h3>\n\t\t\t\t<div class=\"elementor-post__excerpt\">\n\t\t\t<p>Bronja \u017dakelj et le film Belo se pere na 90, bas\u00e9 sur son histoire, \u00e9taient les invit\u00e9s du festival Cineast \u00e0 Luxembourg.<\/p>\n\t\t<\/div>\n\t\t\t\t\t<div class=\"elementor-post__read-more-wrapper\">\n\t\t\n\t\t<a class=\"elementor-post__read-more\" href=\"https:\/\/slolux.eu\/fr\/%f0%9f%87%b8%f0%9f%87%ae-slovenski-vecer-na-festivalu-cineast-%f0%9f%8e%ac\/\" aria-label=\"En savoir plus sur \u201eBelo se pere na 90\u201c in slovenski ve\u010der na festivalu CinEast\" tabindex=\"-1\" >\n\t\t\tLire la suite \u279d\t\t<\/a>\n\n\t\t\t\t\t<\/div>\n\t\t\t\t<\/div>\n\t\t\t\t<div class=\"elementor-post__meta-data\">\n\t\t\t\t\t<span class=\"elementor-post-author\">\n\t\t\t\u00c9mile\t\t<\/span>\n\t\t\t\t<span class=\"elementor-post-date\">\n\t\t\t23.10.2025\t\t<\/span>\n\t\t\t\t<\/div>\n\t\t\t\t\t<\/div>\n\t\t<\/article>\n\t\t\t\t<article class=\"elementor-post elementor-grid-item post-6986 post type-post status-publish format-standard has-post-thumbnail hentry category-druzabno-srecanje category-druzbeno-udejstvovanje category-druzine category-otroci category-predstavitev category-proslava category-sodelovanja category-uradno-srecanje category-po-dogodku tag-druzenje tag-kultura tag-otroci tag-stand-up tag-starsi tag-urad-za-slovence tag-veleposlanistvo\">\n\t\t\t<div class=\"elementor-post__card\">\n\t\t\t\t<a class=\"elementor-post__thumbnail__link\" href=\"https:\/\/slolux.eu\/fr\/slovesna-obelezitev-10-obletnice-delovanje-drustva-slolux\/\" tabindex=\"-1\" ><div class=\"elementor-post__thumbnail\"><img loading=\"lazy\" decoding=\"async\" width=\"1620\" height=\"1080\" src=\"https:\/\/slolux.eu\/wp-content\/uploads\/2025\/11\/10-let-4.jpg\" class=\"attachment-full size-full wp-image-6997\" alt=\"\" srcset=\"https:\/\/slolux.eu\/wp-content\/uploads\/2025\/11\/10-let-4.jpg 1620w, https:\/\/slolux.eu\/wp-content\/uploads\/2025\/11\/10-let-4-300x200.jpg 300w, https:\/\/slolux.eu\/wp-content\/uploads\/2025\/11\/10-let-4-1024x683.jpg 1024w, https:\/\/slolux.eu\/wp-content\/uploads\/2025\/11\/10-let-4-768x512.jpg 768w, https:\/\/slolux.eu\/wp-content\/uploads\/2025\/11\/10-let-4-1536x1024.jpg 1536w, https:\/\/slolux.eu\/wp-content\/uploads\/2025\/11\/10-let-4-18x12.jpg 18w\" sizes=\"auto, (max-width: 1620px) 100vw, 1620px\" \/><\/div><\/a>\n\t\t\t\t<div class=\"elementor-post__text\">\n\t\t\t\t<h3 class=\"elementor-post__title\">\n\t\t\t<a href=\"https:\/\/slolux.eu\/fr\/slovesna-obelezitev-10-obletnice-delovanje-drustva-slolux\/\" >\n\t\t\t\tC\u00e9l\u00e9bration officielle du 10e anniversaire de l&#039;association Slolux\t\t\t<\/a>\n\t\t<\/h3>\n\t\t\t\t<div class=\"elementor-post__excerpt\">\n\t\t\t<p>Le 27 septembre, nous avons c\u00e9l\u00e9br\u00e9 les 10 ans de l&#039;association Slolux au Luxembourg. Le secr\u00e9taire d&#039;\u00c9tat et l&#039;ambassadeur ont f\u00e9licit\u00e9 le pr\u00e9sident de l&#039;association et lui ont remis une plaque. Le programme a \u00e9t\u00e9 anim\u00e9 par le magicien Toni, l&#039;association culturelle Sanje et l&#039;humoriste David Gorin\u0161ek.<\/p>\n\t\t<\/div>\n\t\t\t\t\t<div class=\"elementor-post__read-more-wrapper\">\n\t\t\n\t\t<a class=\"elementor-post__read-more\" href=\"https:\/\/slolux.eu\/fr\/slovesna-obelezitev-10-obletnice-delovanje-drustva-slolux\/\" aria-label=\"En savoir plus sur Slovesna obele\u017eitev 10. obletnice delovanja dru\u0161tva Slolux\" tabindex=\"-1\" >\n\t\t\tLire la suite \u279d\t\t<\/a>\n\n\t\t\t\t\t<\/div>\n\t\t\t\t<\/div>\n\t\t\t\t<div class=\"elementor-post__meta-data\">\n\t\t\t\t\t<span class=\"elementor-post-author\">\n\t\t\t\u00c9mile\t\t<\/span>\n\t\t\t\t<span class=\"elementor-post-date\">\n\t\t\t28.09.2025\t\t<\/span>\n\t\t\t\t<\/div>\n\t\t\t\t\t<\/div>\n\t\t<\/article>\n\t\t\t\t<\/div>\n\t\t\n\t\t\t\t\t\t<\/div>\n\t\t\t\t<\/div>\n\t\t\t\t<div class=\"elementor-element elementor-element-1f96879 elementor-tablet-align-center elementor-hidden-desktop elementor-widget elementor-widget-button\" data-id=\"1f96879\" data-element_type=\"widget\" data-widget_type=\"button.default\">\n\t\t\t\t<div class=\"elementor-widget-container\">\n\t\t\t\t\t\t\t\t\t<div class=\"elementor-button-wrapper\">\n\t\t\t\t\t<a class=\"elementor-button elementor-button-link elementor-size-md\" href=\"https:\/\/slolux.eu\/fr\/category\/po-dogodku\/\">\n\t\t\t\t\t\t<span class=\"elementor-button-content-wrapper\">\n\t\t\t\t\t\t<span class=\"elementor-button-icon\">\n\t\t\t\t<svg aria-hidden=\"true\" class=\"e-font-icon-svg e-fas-caret-right\" viewbox=\"0 0 192 512\" xmlns=\"http:\/\/www.w3.org\/2000\/svg\"><path d=\"M0 384.662V127.338c0-17.818 21.543-26.741 34.142-14.142l128.662 128.662c7.81 7.81 7.81 20.474 0 28.284L34.142 398.804C21.543 411.404 0 402.48 0 384.662z\"><\/path><\/svg>\t\t\t<\/span>\n\t\t\t\t\t\t\t\t\t<span class=\"elementor-button-text\">Aper\u00e7us des \u00e9v\u00e9nements pass\u00e9s<\/span>\n\t\t\t\t\t<\/span>\n\t\t\t\t\t<\/a>\n\t\t\t\t<\/div>\n\t\t\t\t\t\t\t\t<\/div>\n\t\t\t\t<\/div>\n\t\t\t\t\t<\/div>\n\t\t<\/div>\n\t\t\t\t\t<\/div>\n\t\t<\/section>\n\t\t\t\t\t<\/div>\n\t\t<\/div>\n\t\t\t\t\t<\/div>\n\t\t<\/section>\n\t\t\t\t<\/div>","protected":false},"excerpt":{"rendered":"<p>Groupe Facebook Soci\u00e9t\u00e9 Slov\u00e8ne au Luxembourg Nous organisons des \u00e9v\u00e9nements et des rencontres slov\u00e8nes au Luxembourg. Nous promouvons la Slov\u00e9nie. Nous aidons avec les contacts et l\u2019int\u00e9gration. Nous r\u00e9pondons aux questions. Calendrier [\u2026]<\/p>","protected":false},"author":1024,"featured_media":5949,"parent":0,"menu_order":0,"comment_status":"closed","ping_status":"closed","template":"elementor_header_footer","meta":{"site-sidebar-layout":"default","site-content-layout":"","ast-site-content-layout":"","site-content-style":"default","site-sidebar-style":"default","ast-global-header-display":"","ast-banner-title-visibility":"","ast-main-header-display":"","ast-hfb-above-header-display":"","ast-hfb-below-header-display":"","ast-hfb-mobile-header-display":"","site-post-title":"","ast-breadcrumbs-content":"","ast-featured-img":"","footer-sml-layout":"","theme-transparent-header-meta":"","adv-header-id-meta":"","stick-header-meta":"","header-above-stick-meta":"","header-main-stick-meta":"","header-below-stick-meta":"","astra-migrate-meta-layouts":"default","ast-page-background-enabled":"default","ast-page-background-meta":{"desktop":{"background-color":"var(--ast-global-color-4)","background-image":"","background-repeat":"repeat","background-position":"center center","background-size":"auto","background-attachment":"scroll","background-type":"","background-media":"","overlay-type":"","overlay-color":"","overlay-opacity":"","overlay-gradient":""},"tablet":{"background-color":"","background-image":"","background-repeat":"repeat","background-position":"center center","background-size":"auto","background-attachment":"scroll","background-type":"","background-media":"","overlay-type":"","overlay-color":"","overlay-opacity":"","overlay-gradient":""},"mobile":{"background-color":"","background-image":"","background-repeat":"repeat","background-position":"center center","background-size":"auto","background-attachment":"scroll","background-type":"","background-media":"","overlay-type":"","overlay-color":"","overlay-opacity":"","overlay-gradient":""}},"ast-content-background-meta":{"desktop":{"background-color":"var(--ast-global-color-5)","background-image":"","background-repeat":"repeat","background-position":"center center","background-size":"auto","background-attachment":"scroll","background-type":"","background-media":"","overlay-type":"","overlay-color":"","overlay-opacity":"","overlay-gradient":""},"tablet":{"background-color":"var(--ast-global-color-5)","background-image":"","background-repeat":"repeat","background-position":"center center","background-size":"auto","background-attachment":"scroll","background-type":"","background-media":"","overlay-type":"","overlay-color":"","overlay-opacity":"","overlay-gradient":""},"mobile":{"background-color":"var(--ast-global-color-5)","background-image":"","background-repeat":"repeat","background-position":"center center","background-size":"auto","background-attachment":"scroll","background-type":"","background-media":"","overlay-type":"","overlay-color":"","overlay-opacity":"","overlay-gradient":""}},"footnotes":""},"class_list":["post-5146","page","type-page","status-publish","has-post-thumbnail","hentry"],"yoast_head":"<!-- This site is optimized with the Yoast SEO plugin v24.5 - https:\/\/yoast.com\/wordpress\/plugins\/seo\/ -->\n<title>Slovensko dru\u0161tvo v Luksemburgu<\/title>\n<meta name=\"description\" content=\"Organiziramo dogodke in dru\u017eenja za Slovence v Luksemburgu ter promocijo Slovenije v Luksemburgu!\" \/>\n<meta name=\"robots\" content=\"index, follow, max-snippet:-1, max-image-preview:large, max-video-preview:-1\" \/>\n<link rel=\"canonical\" href=\"https:\/\/slolux.eu\/fr\/\" \/>\n<meta property=\"og:locale\" content=\"fr_FR\" \/>\n<meta property=\"og:type\" content=\"article\" \/>\n<meta property=\"og:title\" content=\"Slovensko dru\u0161tvo v Luksemburgu\" \/>\n<meta property=\"og:description\" content=\"Organiziramo dogodke in dru\u017eenja za Slovence v Luksemburgu ter promocijo Slovenije v Luksemburgu!\" \/>\n<meta property=\"og:url\" content=\"https:\/\/slolux.eu\/fr\/\" \/>\n<meta property=\"og:site_name\" content=\"Slolux\" \/>\n<meta property=\"article:modified_time\" content=\"2025-02-18T08:36:24+00:00\" \/>\n<meta property=\"og:image\" content=\"https:\/\/slolux.eu\/wp-content\/uploads\/2024\/01\/DALL\u00b7E-2024-01-23-19.20.00-Illustrate-an-iconic-scene-of-Luxembourg-featuring-the-famous-Adolphe-Bridge-a-grand-arch-Large.jpeg\" \/>\n\t<meta property=\"og:image:width\" content=\"1280\" \/>\n\t<meta property=\"og:image:height\" content=\"731\" \/>\n\t<meta property=\"og:image:type\" content=\"image\/jpeg\" \/>\n<meta name=\"twitter:card\" content=\"summary_large_image\" \/>\n<meta name=\"twitter:label1\" content=\"Dur\u00e9e de lecture estim\u00e9e\" \/>\n\t<meta name=\"twitter:data1\" content=\"9 minutes\" \/>\n<script type=\"application\/ld+json\" class=\"yoast-schema-graph\">{\"@context\":\"https:\/\/schema.org\",\"@graph\":[{\"@type\":\"WebPage\",\"@id\":\"https:\/\/slolux.eu\/\",\"url\":\"https:\/\/slolux.eu\/\",\"name\":\"Slovensko dru\u0161tvo v Luksemburgu\",\"isPartOf\":{\"@id\":\"https:\/\/slolux.eu\/#website\"},\"primaryImageOfPage\":{\"@id\":\"https:\/\/slolux.eu\/#primaryimage\"},\"image\":{\"@id\":\"https:\/\/slolux.eu\/#primaryimage\"},\"thumbnailUrl\":\"https:\/\/slolux.eu\/wp-content\/uploads\/2024\/01\/DALL\u00b7E-2024-01-23-19.20.00-Illustrate-an-iconic-scene-of-Luxembourg-featuring-the-famous-Adolphe-Bridge-a-grand-arch-Large.jpeg\",\"datePublished\":\"2023-12-06T19:58:34+00:00\",\"dateModified\":\"2025-02-18T08:36:24+00:00\",\"description\":\"Organiziramo dogodke in dru\u017eenja za Slovence v Luksemburgu ter promocijo Slovenije v Luksemburgu!\",\"breadcrumb\":{\"@id\":\"https:\/\/slolux.eu\/#breadcrumb\"},\"inLanguage\":\"fr-FR\",\"potentialAction\":[{\"@type\":\"ReadAction\",\"target\":[\"https:\/\/slolux.eu\/\"]}]},{\"@type\":\"ImageObject\",\"inLanguage\":\"fr-FR\",\"@id\":\"https:\/\/slolux.eu\/#primaryimage\",\"url\":\"https:\/\/slolux.eu\/wp-content\/uploads\/2024\/01\/DALL\u00b7E-2024-01-23-19.20.00-Illustrate-an-iconic-scene-of-Luxembourg-featuring-the-famous-Adolphe-Bridge-a-grand-arch-Large.jpeg\",\"contentUrl\":\"https:\/\/slolux.eu\/wp-content\/uploads\/2024\/01\/DALL\u00b7E-2024-01-23-19.20.00-Illustrate-an-iconic-scene-of-Luxembourg-featuring-the-famous-Adolphe-Bridge-a-grand-arch-Large.jpeg\",\"width\":1280,\"height\":731},{\"@type\":\"BreadcrumbList\",\"@id\":\"https:\/\/slolux.eu\/#breadcrumb\",\"itemListElement\":[{\"@type\":\"ListItem\",\"position\":1,\"name\":\"Home\",\"item\":\"https:\/\/slolux.eu\/\"},{\"@type\":\"ListItem\",\"position\":2,\"name\":\"Slovensko dru\u0161tvo v Luksemburgu\"}]},{\"@type\":\"WebSite\",\"@id\":\"https:\/\/slolux.eu\/#website\",\"url\":\"https:\/\/slolux.eu\/\",\"name\":\"Slovensko dru\u0161tvo v Luksemburgu\",\"description\":\"Slovensko dru\u0161tvo v Luksemburgu\",\"publisher\":{\"@id\":\"https:\/\/slolux.eu\/#organization\"},\"potentialAction\":[{\"@type\":\"SearchAction\",\"target\":{\"@type\":\"EntryPoint\",\"urlTemplate\":\"https:\/\/slolux.eu\/?s={search_term_string}\"},\"query-input\":{\"@type\":\"PropertyValueSpecification\",\"valueRequired\":true,\"valueName\":\"search_term_string\"}}],\"inLanguage\":\"fr-FR\"},{\"@type\":\"Organization\",\"@id\":\"https:\/\/slolux.eu\/#organization\",\"name\":\"Slovensko dru\u0161tvo v Luksemburgu\",\"url\":\"https:\/\/slolux.eu\/\",\"logo\":{\"@type\":\"ImageObject\",\"inLanguage\":\"fr-FR\",\"@id\":\"https:\/\/slolux.eu\/#\/schema\/logo\/image\/\",\"url\":\"https:\/\/slolux.eu\/wp-content\/uploads\/2023\/12\/barvnofinal.png\",\"contentUrl\":\"https:\/\/slolux.eu\/wp-content\/uploads\/2023\/12\/barvnofinal.png\",\"width\":2550,\"height\":938,\"caption\":\"Slovensko dru\u0161tvo v Luksemburgu\"},\"image\":{\"@id\":\"https:\/\/slolux.eu\/#\/schema\/logo\/image\/\"}}]}<\/script>\n<!-- \/ Yoast SEO plugin. -->","yoast_head_json":{"title":"Slovensko dru\u0161tvo v Luksemburgu","description":"Organiziramo dogodke in dru\u017eenja za Slovence v Luksemburgu ter promocijo Slovenije v Luksemburgu!","robots":{"index":"index","follow":"follow","max-snippet":"max-snippet:-1","max-image-preview":"max-image-preview:large","max-video-preview":"max-video-preview:-1"},"canonical":"https:\/\/slolux.eu\/fr\/","og_locale":"fr_FR","og_type":"article","og_title":"Slovensko dru\u0161tvo v Luksemburgu","og_description":"Organiziramo dogodke in dru\u017eenja za Slovence v Luksemburgu ter promocijo Slovenije v Luksemburgu!","og_url":"https:\/\/slolux.eu\/fr\/","og_site_name":"Slolux","article_modified_time":"2025-02-18T08:36:24+00:00","og_image":[{"width":1280,"height":731,"url":"https:\/\/slolux.eu\/wp-content\/uploads\/2024\/01\/DALL\u00b7E-2024-01-23-19.20.00-Illustrate-an-iconic-scene-of-Luxembourg-featuring-the-famous-Adolphe-Bridge-a-grand-arch-Large.jpeg","type":"image\/jpeg"}],"twitter_card":"summary_large_image","twitter_misc":{"Dur\u00e9e de lecture estim\u00e9e":"9 minutes"},"schema":{"@context":"https:\/\/schema.org","@graph":[{"@type":"WebPage","@id":"https:\/\/slolux.eu\/","url":"https:\/\/slolux.eu\/","name":"Slovensko dru\u0161tvo v Luksemburgu","isPartOf":{"@id":"https:\/\/slolux.eu\/#website"},"primaryImageOfPage":{"@id":"https:\/\/slolux.eu\/#primaryimage"},"image":{"@id":"https:\/\/slolux.eu\/#primaryimage"},"thumbnailUrl":"https:\/\/slolux.eu\/wp-content\/uploads\/2024\/01\/DALL\u00b7E-2024-01-23-19.20.00-Illustrate-an-iconic-scene-of-Luxembourg-featuring-the-famous-Adolphe-Bridge-a-grand-arch-Large.jpeg","datePublished":"2023-12-06T19:58:34+00:00","dateModified":"2025-02-18T08:36:24+00:00","description":"Organiziramo dogodke in dru\u017eenja za Slovence v Luksemburgu ter promocijo Slovenije v Luksemburgu!","breadcrumb":{"@id":"https:\/\/slolux.eu\/#breadcrumb"},"inLanguage":"fr-FR","potentialAction":[{"@type":"ReadAction","target":["https:\/\/slolux.eu\/"]}]},{"@type":"ImageObject","inLanguage":"fr-FR","@id":"https:\/\/slolux.eu\/#primaryimage","url":"https:\/\/slolux.eu\/wp-content\/uploads\/2024\/01\/DALL\u00b7E-2024-01-23-19.20.00-Illustrate-an-iconic-scene-of-Luxembourg-featuring-the-famous-Adolphe-Bridge-a-grand-arch-Large.jpeg","contentUrl":"https:\/\/slolux.eu\/wp-content\/uploads\/2024\/01\/DALL\u00b7E-2024-01-23-19.20.00-Illustrate-an-iconic-scene-of-Luxembourg-featuring-the-famous-Adolphe-Bridge-a-grand-arch-Large.jpeg","width":1280,"height":731},{"@type":"BreadcrumbList","@id":"https:\/\/slolux.eu\/#breadcrumb","itemListElement":[{"@type":"ListItem","position":1,"name":"Home","item":"https:\/\/slolux.eu\/"},{"@type":"ListItem","position":2,"name":"Slovensko dru\u0161tvo v Luksemburgu"}]},{"@type":"WebSite","@id":"https:\/\/slolux.eu\/#website","url":"https:\/\/slolux.eu\/","name":"Slovensko dru\u0161tvo v Luksemburgu","description":"Slovensko dru\u0161tvo v Luksemburgu","publisher":{"@id":"https:\/\/slolux.eu\/#organization"},"potentialAction":[{"@type":"SearchAction","target":{"@type":"EntryPoint","urlTemplate":"https:\/\/slolux.eu\/?s={search_term_string}"},"query-input":{"@type":"PropertyValueSpecification","valueRequired":true,"valueName":"search_term_string"}}],"inLanguage":"fr-FR"},{"@type":"Organization","@id":"https:\/\/slolux.eu\/#organization","name":"Slovensko dru\u0161tvo v Luksemburgu","url":"https:\/\/slolux.eu\/","logo":{"@type":"ImageObject","inLanguage":"fr-FR","@id":"https:\/\/slolux.eu\/#\/schema\/logo\/image\/","url":"https:\/\/slolux.eu\/wp-content\/uploads\/2023\/12\/barvnofinal.png","contentUrl":"https:\/\/slolux.eu\/wp-content\/uploads\/2023\/12\/barvnofinal.png","width":2550,"height":938,"caption":"Slovensko dru\u0161tvo v Luksemburgu"},"image":{"@id":"https:\/\/slolux.eu\/#\/schema\/logo\/image\/"}}]}},"_links":{"self":[{"href":"https:\/\/slolux.eu\/fr\/wp-json\/wp\/v2\/pages\/5146","targetHints":{"allow":["GET"]}}],"collection":[{"href":"https:\/\/slolux.eu\/fr\/wp-json\/wp\/v2\/pages"}],"about":[{"href":"https:\/\/slolux.eu\/fr\/wp-json\/wp\/v2\/types\/page"}],"author":[{"embeddable":true,"href":"https:\/\/slolux.eu\/fr\/wp-json\/wp\/v2\/users\/1024"}],"replies":[{"embeddable":true,"href":"https:\/\/slolux.eu\/fr\/wp-json\/wp\/v2\/comments?post=5146"}],"version-history":[{"count":312,"href":"https:\/\/slolux.eu\/fr\/wp-json\/wp\/v2\/pages\/5146\/revisions"}],"predecessor-version":[{"id":6690,"href":"https:\/\/slolux.eu\/fr\/wp-json\/wp\/v2\/pages\/5146\/revisions\/6690"}],"wp:featuredmedia":[{"embeddable":true,"href":"https:\/\/slolux.eu\/fr\/wp-json\/wp\/v2\/media\/5949"}],"wp:attachment":[{"href":"https:\/\/slolux.eu\/fr\/wp-json\/wp\/v2\/media?parent=5146"}],"curies":[{"name":"wp","href":"https:\/\/api.w.org\/{rel}","templated":true}]}}